{"id":154,"date":"2022-11-15T15:25:46","date_gmt":"2022-11-15T18:25:46","guid":{"rendered":"http:\/\/acto.artes.udelar.edu.uy\/?page_id=154"},"modified":"2026-04-02T12:54:01","modified_gmt":"2026-04-02T15:54:01","slug":"divulgacion","status":"publish","type":"page","link":"https:\/\/acto.artes.udelar.edu.uy\/index.php\/divulgacion\/","title":{"rendered":"Divulgaci\u00f3n"},"content":{"rendered":"\t\t<div data-elementor-type=\"wp-page\" data-elementor-id=\"154\" class=\"elementor elementor-154\">\n\t\t\t\t\t\t<section class=\"elementor-section elementor-top-section elementor-element elementor-element-0433ed3 elementor-section-boxed elementor-section-height-default elementor-section-height-default\" data-id=\"0433ed3\" data-element_type=\"section\">\n\t\t\t\t\t\t<div class=\"elementor-container elementor-column-gap-default\">\n\t\t\t\t\t<div class=\"elementor-column elementor-col-100 elementor-top-column elementor-element elementor-element-2a10615\" data-id=\"2a10615\" data-element_type=\"column\">\n\t\t\t<div class=\"elementor-widget-wrap elementor-element-populated\">\n\t\t\t\t\t\t<div class=\"elementor-element elementor-element-7eac461e elementor-widget elementor-widget-heading\" data-id=\"7eac461e\" data-element_type=\"widget\" data-widget_type=\"heading.default\">\n\t\t\t\t<div class=\"elementor-widget-container\">\n\t\t\t\t\t<h6 class=\"elementor-heading-title elementor-size-default\">Seminarios y Congresos<\/h6>\t\t\t\t<\/div>\n\t\t\t\t<\/div>\n\t\t\t\t\t<\/div>\n\t\t<\/div>\n\t\t\t\t\t<\/div>\n\t\t<\/section>\n\t\t\t\t<section class=\"elementor-section elementor-top-section elementor-element elementor-element-a000233 elementor-section-boxed elementor-section-height-default elementor-section-height-default\" data-id=\"a000233\" data-element_type=\"section\">\n\t\t\t\t\t\t<div class=\"elementor-container elementor-column-gap-default\">\n\t\t\t\t\t<div class=\"elementor-column elementor-col-50 elementor-top-column elementor-element elementor-element-0cd2b9f\" data-id=\"0cd2b9f\" data-element_type=\"column\">\n\t\t\t<div class=\"elementor-widget-wrap elementor-element-populated\">\n\t\t\t\t\t\t<div class=\"elementor-element elementor-element-0561122 elementor-widget__width-initial elementor-widget elementor-widget-image\" data-id=\"0561122\" data-element_type=\"widget\" data-widget_type=\"image.default\">\n\t\t\t\t<div class=\"elementor-widget-container\">\n\t\t\t\t\t\t\t\t\t\t\t\t\t\t\t<img fetchpriority=\"high\" decoding=\"async\" width=\"1240\" height=\"1240\" src=\"https:\/\/acto.artes.udelar.edu.uy\/wp-content\/uploads\/2025\/11\/481784639_3844932975765429_7283892008516749179_n-e1762015571380.jpg\" class=\"attachment-full size-full wp-image-648\" alt=\"\" \/>\t\t\t\t\t\t\t\t\t\t\t\t\t\t\t<\/div>\n\t\t\t\t<\/div>\n\t\t\t\t\t<\/div>\n\t\t<\/div>\n\t\t\t\t<div class=\"elementor-column elementor-col-50 elementor-top-column elementor-element elementor-element-cc9c2da\" data-id=\"cc9c2da\" data-element_type=\"column\">\n\t\t\t<div class=\"elementor-widget-wrap elementor-element-populated\">\n\t\t\t\t\t\t<div class=\"elementor-element elementor-element-664859c elementor-widget__width-initial elementor-widget elementor-widget-text-editor\" data-id=\"664859c\" data-element_type=\"widget\" data-widget_type=\"text-editor.default\">\n\t\t\t\t<div class=\"elementor-widget-container\">\n\t\t\t\t\t\t\t\t\t<p>\u00a0<\/p><p>\u00a0<\/p><p>En 2022 participamos en un debate virtual sobre el estado de situaci\u00f3n de la cultura comunitaria pospandemia. El encuentro form\u00f3 parte de un ciclo organizado por estudiantes de la Especializaci\u00f3n en Gesti\u00f3n Cultural de la Universidad de la Rep\u00fablica y fue el resultado del curso <em data-start=\"374\" data-end=\"404\">Taller de Actores Culturales<\/em>, dictado por la profesora Ana Laura L\u00f3pez de la Torre, coordinadora de ACTO. La moderaci\u00f3n estuvo a cargo de la Dra. Paula Simonetti, tambi\u00e9n integrante de nuestro grupo de investigaci\u00f3n. La actividad se transmiti\u00f3 por el canal de YouTube.<\/p><p><a href=\"https:\/\/www.youtube.com\/watch?v=d8RxZFu728s\">Link aqui<\/a><\/p>\t\t\t\t\t\t\t\t<\/div>\n\t\t\t\t<\/div>\n\t\t\t\t\t<\/div>\n\t\t<\/div>\n\t\t\t\t\t<\/div>\n\t\t<\/section>\n\t\t\t\t<section class=\"elementor-section elementor-top-section elementor-element elementor-element-7ff0504 elementor-section-boxed elementor-section-height-default elementor-section-height-default\" data-id=\"7ff0504\" data-element_type=\"section\">\n\t\t\t\t\t\t<div class=\"elementor-container elementor-column-gap-default\">\n\t\t\t\t\t<div class=\"elementor-column elementor-col-50 elementor-top-column elementor-element elementor-element-9d7ab28\" data-id=\"9d7ab28\" data-element_type=\"column\">\n\t\t\t<div class=\"elementor-widget-wrap elementor-element-populated\">\n\t\t\t\t\t\t<div class=\"elementor-element elementor-element-334c63bd elementor-widget elementor-widget-image\" data-id=\"334c63bd\" data-element_type=\"widget\" data-widget_type=\"image.default\">\n\t\t\t\t<div class=\"elementor-widget-container\">\n\t\t\t\t\t\t\t\t\t\t\t\t\t\t\t<img decoding=\"async\" width=\"1600\" height=\"1200\" src=\"https:\/\/acto.artes.udelar.edu.uy\/wp-content\/uploads\/2022\/11\/WhatsApp-Image-2022-11-18-at-15.30.24.jpeg\" class=\"attachment-full size-full wp-image-234\" alt=\"\" srcset=\"https:\/\/acto.artes.udelar.edu.uy\/wp-content\/uploads\/2022\/11\/WhatsApp-Image-2022-11-18-at-15.30.24.jpeg 1600w, https:\/\/acto.artes.udelar.edu.uy\/wp-content\/uploads\/2022\/11\/WhatsApp-Image-2022-11-18-at-15.30.24-300x225.jpeg 300w, https:\/\/acto.artes.udelar.edu.uy\/wp-content\/uploads\/2022\/11\/WhatsApp-Image-2022-11-18-at-15.30.24-1024x768.jpeg 1024w, https:\/\/acto.artes.udelar.edu.uy\/wp-content\/uploads\/2022\/11\/WhatsApp-Image-2022-11-18-at-15.30.24-768x576.jpeg 768w, https:\/\/acto.artes.udelar.edu.uy\/wp-content\/uploads\/2022\/11\/WhatsApp-Image-2022-11-18-at-15.30.24-1536x1152.jpeg 1536w\" sizes=\"(max-width: 1600px) 100vw, 1600px\" \/>\t\t\t\t\t\t\t\t\t\t\t\t\t\t\t<\/div>\n\t\t\t\t<\/div>\n\t\t\t\t\t<\/div>\n\t\t<\/div>\n\t\t\t\t<div class=\"elementor-column elementor-col-50 elementor-top-column elementor-element elementor-element-877127c\" data-id=\"877127c\" data-element_type=\"column\">\n\t\t\t<div class=\"elementor-widget-wrap elementor-element-populated\">\n\t\t\t\t\t\t<div class=\"elementor-element elementor-element-3e20962a elementor-widget elementor-widget-text-editor\" data-id=\"3e20962a\" data-element_type=\"widget\" data-widget_type=\"text-editor.default\">\n\t\t\t\t<div class=\"elementor-widget-container\">\n\t\t\t\t\t\t\t\t\t<p>\u00a0<\/p><p>Presentaci\u00f3n: Common culture in action: Cultural policy, community culture and democracy in Uruguay. Prof. Ana Laura L\u00f3pez de la Torre.<\/p><p>12th International Conference on Cultural Policy Research &#8211; ICCPR 2022 University of Antwerp, B\u00e9lgica Panel: International perspectives on cultural democracy in times of crisis (UK, Portugal &amp; Uruguay) &#8211; Alice Borchi, Carla Cruz, Jessica Holtaway and Sarah Feinstein, Sophie Hope, Ana Laura Lopez de la Torre.<\/p><p><a href=\"https:\/\/www.uantwerpen.be\/en\/conferences\/cultural-policy-research\/\"><em>Texto aqui<\/em><\/a><\/p>\t\t\t\t\t\t\t\t<\/div>\n\t\t\t\t<\/div>\n\t\t\t\t\t<\/div>\n\t\t<\/div>\n\t\t\t\t\t<\/div>\n\t\t<\/section>\n\t\t\t\t<section class=\"elementor-section elementor-top-section elementor-element elementor-element-1cfe934 elementor-section-boxed elementor-section-height-default elementor-section-height-default\" data-id=\"1cfe934\" data-element_type=\"section\">\n\t\t\t\t\t\t<div class=\"elementor-container elementor-column-gap-default\">\n\t\t\t\t\t<div class=\"elementor-column elementor-col-100 elementor-top-column elementor-element elementor-element-d5cb893\" data-id=\"d5cb893\" data-element_type=\"column\">\n\t\t\t<div class=\"elementor-widget-wrap elementor-element-populated\">\n\t\t\t\t\t\t<div class=\"elementor-element elementor-element-ad90488 elementor-widget elementor-widget-text-editor\" data-id=\"ad90488\" data-element_type=\"widget\" data-widget_type=\"text-editor.default\">\n\t\t\t\t<div class=\"elementor-widget-container\">\n\t\t\t\t\t\t\t\t\t<p>&#8212;&#8212;&#8212;&#8212;&#8212;&#8212;&#8212;&#8212;&#8212;&#8212;&#8212;&#8212;&#8212;&#8212;&#8212;&#8212;&#8212;&#8212;&#8212;&#8212;&#8212;&#8212;&#8212;&#8212;&#8212;&#8212;&#8212;&#8212;&#8212;&#8212;&#8212;&#8212;&#8212;&#8212;<\/p>\t\t\t\t\t\t\t\t<\/div>\n\t\t\t\t<\/div>\n\t\t\t\t\t<\/div>\n\t\t<\/div>\n\t\t\t\t\t<\/div>\n\t\t<\/section>\n\t\t\t\t<section class=\"elementor-section elementor-top-section elementor-element elementor-element-50fddea elementor-section-boxed elementor-section-height-default elementor-section-height-default\" data-id=\"50fddea\" data-element_type=\"section\">\n\t\t\t\t\t\t<div class=\"elementor-container elementor-column-gap-default\">\n\t\t\t\t\t<div class=\"elementor-column elementor-col-50 elementor-top-column elementor-element elementor-element-7df01f9\" data-id=\"7df01f9\" data-element_type=\"column\">\n\t\t\t<div class=\"elementor-widget-wrap elementor-element-populated\">\n\t\t\t\t\t\t<div class=\"elementor-element elementor-element-2c892b3f elementor-widget__width-initial elementor-widget elementor-widget-image\" data-id=\"2c892b3f\" data-element_type=\"widget\" data-widget_type=\"image.default\">\n\t\t\t\t<div class=\"elementor-widget-container\">\n\t\t\t\t\t\t\t\t\t\t\t\t\t\t\t<img decoding=\"async\" width=\"1024\" height=\"1024\" src=\"https:\/\/acto.artes.udelar.edu.uy\/wp-content\/uploads\/2022\/11\/WhatsApp-Image-2022-11-09-at-12.12.26-1024x1024.jpeg\" class=\"attachment-large size-large wp-image-149\" alt=\"\" srcset=\"https:\/\/acto.artes.udelar.edu.uy\/wp-content\/uploads\/2022\/11\/WhatsApp-Image-2022-11-09-at-12.12.26-1024x1024.jpeg 1024w, https:\/\/acto.artes.udelar.edu.uy\/wp-content\/uploads\/2022\/11\/WhatsApp-Image-2022-11-09-at-12.12.26-300x300.jpeg 300w, https:\/\/acto.artes.udelar.edu.uy\/wp-content\/uploads\/2022\/11\/WhatsApp-Image-2022-11-09-at-12.12.26-150x150.jpeg 150w, https:\/\/acto.artes.udelar.edu.uy\/wp-content\/uploads\/2022\/11\/WhatsApp-Image-2022-11-09-at-12.12.26-768x768.jpeg 768w, https:\/\/acto.artes.udelar.edu.uy\/wp-content\/uploads\/2022\/11\/WhatsApp-Image-2022-11-09-at-12.12.26-1536x1536.jpeg 1536w, https:\/\/acto.artes.udelar.edu.uy\/wp-content\/uploads\/2022\/11\/WhatsApp-Image-2022-11-09-at-12.12.26.jpeg 1600w\" sizes=\"(max-width: 1024px) 100vw, 1024px\" \/>\t\t\t\t\t\t\t\t\t\t\t\t\t\t\t<\/div>\n\t\t\t\t<\/div>\n\t\t\t\t\t<\/div>\n\t\t<\/div>\n\t\t\t\t<div class=\"elementor-column elementor-col-50 elementor-top-column elementor-element elementor-element-9307f50\" data-id=\"9307f50\" data-element_type=\"column\">\n\t\t\t<div class=\"elementor-widget-wrap elementor-element-populated\">\n\t\t\t\t\t\t<div class=\"elementor-element elementor-element-40d23ca8 elementor-widget elementor-widget-text-editor\" data-id=\"40d23ca8\" data-element_type=\"widget\" data-widget_type=\"text-editor.default\">\n\t\t\t\t<div class=\"elementor-widget-container\">\n\t\t\t\t\t\t\t\t\t<p>\u00a0<\/p><p>\u00a0<\/p><p>Desde el Grupo de Investigaci\u00f3n: Arte, Comunidad y Territorios Organizados, tenemos el gusto de invitarles a una presentaci\u00f3n del proyecto Semillero Cultura Com\u00fan en Acci\u00f3n, en el marco del programa \u00c1gora de C\u00d3SMICA Cultura Contempor\u00e1nea 2022. Cultura Com\u00fan en Acci\u00f3n busca relevar y comprender la producci\u00f3n cultural comunitaria en contextos territoriales en Uruguay, en di\u00e1logo con el sector y sus protagonistas.<\/p><p>Compartiremos detalles sobre nuestro proceso de investigaci\u00f3n, l\u00edneas de trabajo realizadas y en curso. Tambi\u00e9n habr\u00e1 un espacio para el intercambio con el p\u00fablico.<\/p>\t\t\t\t\t\t\t\t<\/div>\n\t\t\t\t<\/div>\n\t\t\t\t\t<\/div>\n\t\t<\/div>\n\t\t\t\t\t<\/div>\n\t\t<\/section>\n\t\t\t\t<section class=\"elementor-section elementor-top-section elementor-element elementor-element-c3433b2 elementor-section-boxed elementor-section-height-default elementor-section-height-default\" data-id=\"c3433b2\" data-element_type=\"section\">\n\t\t\t\t\t\t<div class=\"elementor-container elementor-column-gap-default\">\n\t\t\t\t\t<div class=\"elementor-column elementor-col-100 elementor-top-column elementor-element elementor-element-0407b78\" data-id=\"0407b78\" data-element_type=\"column\">\n\t\t\t<div class=\"elementor-widget-wrap elementor-element-populated\">\n\t\t\t\t\t\t<div class=\"elementor-element elementor-element-947590c elementor-widget elementor-widget-text-editor\" data-id=\"947590c\" data-element_type=\"widget\" data-widget_type=\"text-editor.default\">\n\t\t\t\t<div class=\"elementor-widget-container\">\n\t\t\t\t\t\t\t\t\t<p>&#8212;&#8212;&#8212;&#8212;&#8212;&#8212;&#8212;&#8212;&#8212;&#8212;&#8212;&#8212;&#8212;&#8212;&#8212;&#8212;&#8212;&#8212;&#8212;&#8212;&#8212;&#8212;&#8212;&#8212;&#8212;&#8212;&#8212;&#8212;&#8212;&#8212;&#8212;&#8212;&#8212;&#8212;<\/p>\t\t\t\t\t\t\t\t<\/div>\n\t\t\t\t<\/div>\n\t\t\t\t\t<\/div>\n\t\t<\/div>\n\t\t\t\t\t<\/div>\n\t\t<\/section>\n\t\t\t\t<section class=\"elementor-section elementor-top-section elementor-element elementor-element-7321251 elementor-section-boxed elementor-section-height-default elementor-section-height-default\" data-id=\"7321251\" data-element_type=\"section\">\n\t\t\t\t\t\t<div class=\"elementor-container elementor-column-gap-default\">\n\t\t\t\t\t<div class=\"elementor-column elementor-col-50 elementor-top-column elementor-element elementor-element-0e5933c\" data-id=\"0e5933c\" data-element_type=\"column\">\n\t\t\t<div class=\"elementor-widget-wrap elementor-element-populated\">\n\t\t\t\t\t\t<div class=\"elementor-element elementor-element-322132fb elementor-widget elementor-widget-image\" data-id=\"322132fb\" data-element_type=\"widget\" data-widget_type=\"image.default\">\n\t\t\t\t<div class=\"elementor-widget-container\">\n\t\t\t\t\t\t\t\t\t\t\t\t\t\t\t<img loading=\"lazy\" decoding=\"async\" width=\"1024\" height=\"1020\" src=\"https:\/\/acto.artes.udelar.edu.uy\/wp-content\/uploads\/2022\/11\/WhatsApp-Image-2022-11-15-at-15.25.12-1024x1020.jpeg\" class=\"attachment-large size-large wp-image-159\" alt=\"\" srcset=\"https:\/\/acto.artes.udelar.edu.uy\/wp-content\/uploads\/2022\/11\/WhatsApp-Image-2022-11-15-at-15.25.12-1024x1020.jpeg 1024w, https:\/\/acto.artes.udelar.edu.uy\/wp-content\/uploads\/2022\/11\/WhatsApp-Image-2022-11-15-at-15.25.12-300x300.jpeg 300w, https:\/\/acto.artes.udelar.edu.uy\/wp-content\/uploads\/2022\/11\/WhatsApp-Image-2022-11-15-at-15.25.12-150x150.jpeg 150w, https:\/\/acto.artes.udelar.edu.uy\/wp-content\/uploads\/2022\/11\/WhatsApp-Image-2022-11-15-at-15.25.12-768x765.jpeg 768w, https:\/\/acto.artes.udelar.edu.uy\/wp-content\/uploads\/2022\/11\/WhatsApp-Image-2022-11-15-at-15.25.12-1536x1530.jpeg 1536w, https:\/\/acto.artes.udelar.edu.uy\/wp-content\/uploads\/2022\/11\/WhatsApp-Image-2022-11-15-at-15.25.12.jpeg 1600w\" sizes=\"(max-width: 1024px) 100vw, 1024px\" \/>\t\t\t\t\t\t\t\t\t\t\t\t\t\t\t<\/div>\n\t\t\t\t<\/div>\n\t\t\t\t\t<\/div>\n\t\t<\/div>\n\t\t\t\t<div class=\"elementor-column elementor-col-50 elementor-top-column elementor-element elementor-element-fda294b\" data-id=\"fda294b\" data-element_type=\"column\">\n\t\t\t<div class=\"elementor-widget-wrap elementor-element-populated\">\n\t\t\t\t\t\t<div class=\"elementor-element elementor-element-25171817 elementor-widget elementor-widget-text-editor\" data-id=\"25171817\" data-element_type=\"widget\" data-widget_type=\"text-editor.default\">\n\t\t\t\t<div class=\"elementor-widget-container\">\n\t\t\t\t\t\t\t\t\t<p>\u00a0<\/p><p>\u00a0<\/p><p>Invitamos a la presentaci\u00f3n de trabajos que documenten y analicen pr\u00e1cticas art\u00edsticas en contextos de protesta y organizaci\u00f3n social en nuestro continente. En particular, interesan investigaciones y experiencias que problematicen el encuentro entre acci\u00f3n art\u00edstica y acci\u00f3n pol\u00edtica, utilizando la figura del \u201cartista como etn\u00f3grafo\u201d como categor\u00eda para pensar en las tensiones y posibilidades de estas intersecciones. Tambi\u00e9n nos preguntamos sobre el impacto de las pr\u00e1cticas \u00abartivistas\u00bb en la producci\u00f3n de discursos visuales contra-hegem\u00f3nicos, tanto en relaci\u00f3n a la comunicaci\u00f3n de masas como a las propias tradiciones visuales de la protesta en Am\u00e9rica Latina.<\/p>\t\t\t\t\t\t\t\t<\/div>\n\t\t\t\t<\/div>\n\t\t\t\t\t<\/div>\n\t\t<\/div>\n\t\t\t\t\t<\/div>\n\t\t<\/section>\n\t\t\t\t<section class=\"elementor-section elementor-top-section elementor-element elementor-element-aa097dc elementor-section-boxed elementor-section-height-default elementor-section-height-default\" data-id=\"aa097dc\" data-element_type=\"section\">\n\t\t\t\t\t\t<div class=\"elementor-container elementor-column-gap-default\">\n\t\t\t\t\t<div class=\"elementor-column elementor-col-100 elementor-top-column elementor-element elementor-element-b5c3b28\" data-id=\"b5c3b28\" data-element_type=\"column\">\n\t\t\t<div class=\"elementor-widget-wrap\">\n\t\t\t\t\t\t\t<\/div>\n\t\t<\/div>\n\t\t\t\t\t<\/div>\n\t\t<\/section>\n\t\t\t\t<\/div>\n\t\t","protected":false},"excerpt":{"rendered":"<p>Seminarios y Congresos \u00a0 \u00a0 En 2022 participamos en un debate virtual sobre el estado de situaci\u00f3n de la cultura comunitaria pospandemia. El encuentro form\u00f3 parte de un ciclo organizado por estudiantes de la Especializaci\u00f3n en Gesti\u00f3n Cultural de la Universidad de la Rep\u00fablica y fue el resultado del curso Taller de Actores Culturales, dictado [&hellip;]<\/p>\n","protected":false},"author":1,"featured_media":0,"parent":0,"menu_order":0,"comment_status":"closed","ping_status":"closed","template":"","meta":{"site-sidebar-layout":"no-sidebar","site-content-layout":"page-builder","ast-site-content-layout":"full-width-container","site-content-style":"unboxed","site-sidebar-style":"unboxed","ast-global-header-display":"","ast-banner-title-visibility":"","ast-main-header-display":"","ast-hfb-above-header-display":"","ast-hfb-below-header-display":"","ast-hfb-mobile-header-display":"","site-post-title":"disabled","ast-breadcrumbs-content":"","ast-featured-img":"disabled","footer-sml-layout":"","theme-transparent-header-meta":"","adv-header-id-meta":"","stick-header-meta":"","header-above-stick-meta":"","header-main-stick-meta":"","header-below-stick-meta":"","astra-migrate-meta-layouts":"set","ast-page-background-enabled":"default","ast-page-background-meta":{"desktop":{"background-color":"var(--ast-global-color-4)","background-image":"","background-repeat":"repeat","background-position":"center center","background-size":"auto","background-attachment":"scroll","background-type":"","background-media":"","overlay-type":"","overlay-color":"","overlay-opacity":"","overlay-gradient":""},"tablet":{"background-color":"","background-image":"","background-repeat":"repeat","background-position":"center center","background-size":"auto","background-attachment":"scroll","background-type":"","background-media":"","overlay-type":"","overlay-color":"","overlay-opacity":"","overlay-gradient":""},"mobile":{"background-color":"","background-image":"","background-repeat":"repeat","background-position":"center center","background-size":"auto","background-attachment":"scroll","background-type":"","background-media":"","overlay-type":"","overlay-color":"","overlay-opacity":"","overlay-gradient":""}},"ast-content-background-meta":{"desktop":{"background-color":"var(--ast-global-color-5)","background-image":"","background-repeat":"repeat","background-position":"center center","background-size":"auto","background-attachment":"scroll","background-type":"","background-media":"","overlay-type":"","overlay-color":"","overlay-opacity":"","overlay-gradient":""},"tablet":{"background-color":"var(--ast-global-color-5)","background-image":"","background-repeat":"repeat","background-position":"center center","background-size":"auto","background-attachment":"scroll","background-type":"","background-media":"","overlay-type":"","overlay-color":"","overlay-opacity":"","overlay-gradient":""},"mobile":{"background-color":"var(--ast-global-color-5)","background-image":"","background-repeat":"repeat","background-position":"center center","background-size":"auto","background-attachment":"scroll","background-type":"","background-media":"","overlay-type":"","overlay-color":"","overlay-opacity":"","overlay-gradient":""}},"footnotes":""},"class_list":["post-154","page","type-page","status-publish","hentry"],"_links":{"self":[{"href":"https:\/\/acto.artes.udelar.edu.uy\/index.php\/wp-json\/wp\/v2\/pages\/154","targetHints":{"allow":["GET"]}}],"collection":[{"href":"https:\/\/acto.artes.udelar.edu.uy\/index.php\/wp-json\/wp\/v2\/pages"}],"about":[{"href":"https:\/\/acto.artes.udelar.edu.uy\/index.php\/wp-json\/wp\/v2\/types\/page"}],"author":[{"embeddable":true,"href":"https:\/\/acto.artes.udelar.edu.uy\/index.php\/wp-json\/wp\/v2\/users\/1"}],"replies":[{"embeddable":true,"href":"https:\/\/acto.artes.udelar.edu.uy\/index.php\/wp-json\/wp\/v2\/comments?post=154"}],"version-history":[{"count":50,"href":"https:\/\/acto.artes.udelar.edu.uy\/index.php\/wp-json\/wp\/v2\/pages\/154\/revisions"}],"predecessor-version":[{"id":776,"href":"https:\/\/acto.artes.udelar.edu.uy\/index.php\/wp-json\/wp\/v2\/pages\/154\/revisions\/776"}],"wp:attachment":[{"href":"https:\/\/acto.artes.udelar.edu.uy\/index.php\/wp-json\/wp\/v2\/media?parent=154"}],"curies":[{"name":"wp","href":"https:\/\/api.w.org\/{rel}","templated":true}]}}