{"id":174,"date":"2022-11-15T15:32:19","date_gmt":"2022-11-15T18:32:19","guid":{"rendered":"http:\/\/acto.artes.udelar.edu.uy\/?page_id=174"},"modified":"2026-04-28T18:13:46","modified_gmt":"2026-04-28T21:13:46","slug":"formacion","status":"publish","type":"page","link":"https:\/\/acto.artes.udelar.edu.uy\/index.php\/formacion\/","title":{"rendered":"Formaci\u00f3n"},"content":{"rendered":"\t\t<div data-elementor-type=\"wp-page\" data-elementor-id=\"174\" class=\"elementor elementor-174\">\n\t\t\t\t\t\t<section class=\"elementor-section elementor-top-section elementor-element elementor-element-2b172c7 elementor-section-boxed elementor-section-height-default elementor-section-height-default\" data-id=\"2b172c7\" data-element_type=\"section\">\n\t\t\t\t\t\t<div class=\"elementor-container elementor-column-gap-default\">\n\t\t\t\t\t<div class=\"elementor-column elementor-col-100 elementor-top-column elementor-element elementor-element-571cfc5\" data-id=\"571cfc5\" data-element_type=\"column\">\n\t\t\t<div class=\"elementor-widget-wrap elementor-element-populated\">\n\t\t\t\t\t\t<div class=\"elementor-element elementor-element-499f6525 elementor-widget elementor-widget-heading\" data-id=\"499f6525\" data-element_type=\"widget\" data-widget_type=\"heading.default\">\n\t\t\t\t<div class=\"elementor-widget-container\">\n\t\t\t\t\t<h4 class=\"elementor-heading-title elementor-size-default\">Formaci\u00f3n<\/h4>\t\t\t\t<\/div>\n\t\t\t\t<\/div>\n\t\t\t\t\t<\/div>\n\t\t<\/div>\n\t\t\t\t\t<\/div>\n\t\t<\/section>\n\t\t\t\t<section class=\"elementor-section elementor-top-section elementor-element elementor-element-5adf8cc elementor-section-boxed elementor-section-height-default elementor-section-height-default\" data-id=\"5adf8cc\" data-element_type=\"section\">\n\t\t\t\t\t\t<div class=\"elementor-container elementor-column-gap-default\">\n\t\t\t\t\t<div class=\"elementor-column elementor-col-100 elementor-top-column elementor-element elementor-element-d88c675\" data-id=\"d88c675\" data-element_type=\"column\">\n\t\t\t<div class=\"elementor-widget-wrap elementor-element-populated\">\n\t\t\t\t\t\t<div class=\"elementor-element elementor-element-9067ba1 elementor-widget elementor-widget-text-editor\" data-id=\"9067ba1\" data-element_type=\"widget\" data-widget_type=\"text-editor.default\">\n\t\t\t\t<div class=\"elementor-widget-container\">\n\t\t\t\t\t\t\t\t\t<p>En Uruguay se constata la escasa oferta formativa p\u00fablica acerca de las especificidades de los procesos y experiencias en los \u00e1mbitos de las culturas comunitarias y populares. En este marco, los diferentes cursos que dictamos, apuntan a ofrecer herramientas conceptuales, metodol\u00f3gicas y epistemol\u00f3gicas. En el intercambio con quienes participan de los cursos, buscamos contribuir a la comprensi\u00f3n integrada y el fortalecimiento de procesos culturales locales y comunitarios existentes, atendiendo a sus realidades y necesidades.<\/p>\t\t\t\t\t\t\t\t<\/div>\n\t\t\t\t<\/div>\n\t\t\t\t\t<\/div>\n\t\t<\/div>\n\t\t\t\t\t<\/div>\n\t\t<\/section>\n\t\t\t\t<section class=\"elementor-section elementor-top-section elementor-element elementor-element-5ac475f elementor-section-boxed elementor-section-height-default elementor-section-height-default\" data-id=\"5ac475f\" data-element_type=\"section\">\n\t\t\t\t\t\t<div class=\"elementor-container elementor-column-gap-default\">\n\t\t\t\t\t<div class=\"elementor-column elementor-col-50 elementor-top-column elementor-element elementor-element-5e662b4\" data-id=\"5e662b4\" data-element_type=\"column\">\n\t\t\t<div class=\"elementor-widget-wrap elementor-element-populated\">\n\t\t\t\t\t\t<div class=\"elementor-element elementor-element-71a894a elementor-widget elementor-widget-image\" data-id=\"71a894a\" data-element_type=\"widget\" data-widget_type=\"image.default\">\n\t\t\t\t<div class=\"elementor-widget-container\">\n\t\t\t\t\t\t\t\t\t\t\t\t\t\t\t<img fetchpriority=\"high\" decoding=\"async\" width=\"212\" height=\"300\" src=\"https:\/\/acto.artes.udelar.edu.uy\/wp-content\/uploads\/2026\/04\/2023_Afiche-efi-A3-212x300.jpg\" class=\"attachment-medium size-medium wp-image-840\" alt=\"\" srcset=\"https:\/\/acto.artes.udelar.edu.uy\/wp-content\/uploads\/2026\/04\/2023_Afiche-efi-A3-212x300.jpg 212w, https:\/\/acto.artes.udelar.edu.uy\/wp-content\/uploads\/2026\/04\/2023_Afiche-efi-A3-724x1024.jpg 724w, https:\/\/acto.artes.udelar.edu.uy\/wp-content\/uploads\/2026\/04\/2023_Afiche-efi-A3-768x1086.jpg 768w, https:\/\/acto.artes.udelar.edu.uy\/wp-content\/uploads\/2026\/04\/2023_Afiche-efi-A3-1086x1536.jpg 1086w, https:\/\/acto.artes.udelar.edu.uy\/wp-content\/uploads\/2026\/04\/2023_Afiche-efi-A3-1448x2048.jpg 1448w, https:\/\/acto.artes.udelar.edu.uy\/wp-content\/uploads\/2026\/04\/2023_Afiche-efi-A3-scaled.jpg 1810w\" sizes=\"(max-width: 212px) 100vw, 212px\" \/>\t\t\t\t\t\t\t\t\t\t\t\t\t\t\t<\/div>\n\t\t\t\t<\/div>\n\t\t\t\t\t<\/div>\n\t\t<\/div>\n\t\t\t\t<div class=\"elementor-column elementor-col-50 elementor-top-column elementor-element elementor-element-ca6e9c0\" data-id=\"ca6e9c0\" data-element_type=\"column\">\n\t\t\t<div class=\"elementor-widget-wrap elementor-element-populated\">\n\t\t\t\t\t\t<div class=\"elementor-element elementor-element-a296612 elementor-widget elementor-widget-text-editor\" data-id=\"a296612\" data-element_type=\"widget\" data-widget_type=\"text-editor.default\">\n\t\t\t\t<div class=\"elementor-widget-container\">\n\t\t\t\t\t\t\t\t\t<p data-start=\"0\" data-end=\"356\"><strong><span style=\"color: #000000;\">EFI \u201cArte, barrio y acci\u00f3n social\u201d<\/span><\/strong>\u00a0<\/p><p data-start=\"0\" data-end=\"356\"><span style=\"color: #000000;\">El EFI \u201cArte, barrio y acci\u00f3n social\u201d se desarroll\u00f3 como una propuesta te\u00f3rico-pr\u00e1ctica en contextos comunitarios, integrando ense\u00f1anza, extensi\u00f3n e investigaci\u00f3n en un territorio de Montevideo. Durante dos semestres, estudiantes y docentes realizaron un diagn\u00f3stico territorial, dise\u00f1aron e implementaron una intervenci\u00f3n art\u00edstica y evaluaron el proceso.<\/span><\/p><p data-start=\"358\" data-end=\"552\"><span style=\"color: #000000;\">Cada estudiante llev\u00f3 adelante una investigaci\u00f3n personal vinculada al barrio, mientras el grupo construy\u00f3 actividades p\u00fablicas junto a vecinos y organizaciones, en modalidad de c\u00e1tedra abierta.<\/span><\/p>\t\t\t\t\t\t\t\t<\/div>\n\t\t\t\t<\/div>\n\t\t\t\t\t<\/div>\n\t\t<\/div>\n\t\t\t\t\t<\/div>\n\t\t<\/section>\n\t\t\t\t<section class=\"elementor-section elementor-top-section elementor-element elementor-element-bb49f83 elementor-section-boxed elementor-section-height-default elementor-section-height-default\" data-id=\"bb49f83\" data-element_type=\"section\">\n\t\t\t\t\t\t<div class=\"elementor-container elementor-column-gap-default\">\n\t\t\t\t\t<div class=\"elementor-column elementor-col-100 elementor-top-column elementor-element elementor-element-fb0f1a1\" data-id=\"fb0f1a1\" data-element_type=\"column\">\n\t\t\t<div class=\"elementor-widget-wrap\">\n\t\t\t\t\t\t\t<\/div>\n\t\t<\/div>\n\t\t\t\t\t<\/div>\n\t\t<\/section>\n\t\t\t\t<section class=\"elementor-section elementor-top-section elementor-element elementor-element-6fbf89b elementor-section-boxed elementor-section-height-default elementor-section-height-default\" data-id=\"6fbf89b\" data-element_type=\"section\">\n\t\t\t\t\t\t<div class=\"elementor-container elementor-column-gap-default\">\n\t\t\t\t\t<div class=\"elementor-column elementor-col-50 elementor-top-column elementor-element elementor-element-4113126\" data-id=\"4113126\" data-element_type=\"column\">\n\t\t\t<div class=\"elementor-widget-wrap elementor-element-populated\">\n\t\t\t\t\t\t<div class=\"elementor-element elementor-element-78083f9 elementor-widget elementor-widget-image\" data-id=\"78083f9\" data-element_type=\"widget\" data-widget_type=\"image.default\">\n\t\t\t\t<div class=\"elementor-widget-container\">\n\t\t\t\t\t\t\t\t\t\t\t\t\t\t\t<img decoding=\"async\" width=\"300\" height=\"300\" src=\"https:\/\/acto.artes.udelar.edu.uy\/wp-content\/uploads\/2026\/04\/2022_Afiche-efi-300x300.jpg\" class=\"attachment-medium size-medium wp-image-839\" alt=\"\" srcset=\"https:\/\/acto.artes.udelar.edu.uy\/wp-content\/uploads\/2026\/04\/2022_Afiche-efi-300x300.jpg 300w, https:\/\/acto.artes.udelar.edu.uy\/wp-content\/uploads\/2026\/04\/2022_Afiche-efi-1024x1024.jpg 1024w, https:\/\/acto.artes.udelar.edu.uy\/wp-content\/uploads\/2026\/04\/2022_Afiche-efi-150x150.jpg 150w, https:\/\/acto.artes.udelar.edu.uy\/wp-content\/uploads\/2026\/04\/2022_Afiche-efi-768x768.jpg 768w, https:\/\/acto.artes.udelar.edu.uy\/wp-content\/uploads\/2026\/04\/2022_Afiche-efi-1536x1536.jpg 1536w, https:\/\/acto.artes.udelar.edu.uy\/wp-content\/uploads\/2026\/04\/2022_Afiche-efi-2048x2048.jpg 2048w\" sizes=\"(max-width: 300px) 100vw, 300px\" \/>\t\t\t\t\t\t\t\t\t\t\t\t\t\t\t<\/div>\n\t\t\t\t<\/div>\n\t\t\t\t\t<\/div>\n\t\t<\/div>\n\t\t\t\t<div class=\"elementor-column elementor-col-50 elementor-top-column elementor-element elementor-element-54a095a\" data-id=\"54a095a\" data-element_type=\"column\">\n\t\t\t<div class=\"elementor-widget-wrap elementor-element-populated\">\n\t\t\t\t\t\t<div class=\"elementor-element elementor-element-7e06c4a elementor-widget elementor-widget-text-editor\" data-id=\"7e06c4a\" data-element_type=\"widget\" data-widget_type=\"text-editor.default\">\n\t\t\t\t<div class=\"elementor-widget-container\">\n\t\t\t\t\t\t\t\t\t<p data-start=\"0\" data-end=\"356\"><strong><span style=\"color: #000000;\">EFI \u201cArte, barrio y acci\u00f3n social\u201d<\/span><\/strong>\u00a0<\/p><p data-start=\"0\" data-end=\"356\"><span style=\"color: #000000;\">El EFI \u201cArte, barrio y acci\u00f3n social\u201d se desarroll\u00f3 como una propuesta te\u00f3rico-pr\u00e1ctica en contextos comunitarios, integrando ense\u00f1anza, extensi\u00f3n e investigaci\u00f3n en un territorio de Montevideo. Durante dos semestres, estudiantes y docentes realizaron un diagn\u00f3stico territorial, dise\u00f1aron e implementaron una intervenci\u00f3n art\u00edstica y evaluaron el proceso.<\/span><\/p><p data-start=\"358\" data-end=\"552\"><span style=\"color: #000000;\">Cada estudiante llev\u00f3 adelante una investigaci\u00f3n personal vinculada al barrio, mientras el grupo construy\u00f3 actividades p\u00fablicas junto a vecinos y organizaciones, en modalidad de c\u00e1tedra abierta.<\/span><\/p>\t\t\t\t\t\t\t\t<\/div>\n\t\t\t\t<\/div>\n\t\t\t\t\t<\/div>\n\t\t<\/div>\n\t\t\t\t\t<\/div>\n\t\t<\/section>\n\t\t\t\t<section class=\"elementor-section elementor-top-section elementor-element elementor-element-74dcf60 elementor-section-boxed elementor-section-height-default elementor-section-height-default\" data-id=\"74dcf60\" data-element_type=\"section\">\n\t\t\t\t\t\t<div class=\"elementor-container elementor-column-gap-default\">\n\t\t\t\t\t<div class=\"elementor-column elementor-col-50 elementor-top-column elementor-element elementor-element-93f8591\" data-id=\"93f8591\" data-element_type=\"column\">\n\t\t\t<div class=\"elementor-widget-wrap elementor-element-populated\">\n\t\t\t\t\t\t<div class=\"elementor-element elementor-element-ce7aac6 elementor-widget elementor-widget-image\" data-id=\"ce7aac6\" data-element_type=\"widget\" data-widget_type=\"image.default\">\n\t\t\t\t<div class=\"elementor-widget-container\">\n\t\t\t\t\t\t\t\t\t\t\t\t\t\t\t<img decoding=\"async\" src=\"https:\/\/acto.artes.udelar.edu.uy\/wp-content\/uploads\/elementor\/thumbs\/acto-afiche-rdcy2e0wf56gfqy0wmxvzgck33e15tqi9bds7hu8i8.jpg\" title=\"acto afiche\" alt=\"acto afiche\" loading=\"lazy\" \/>\t\t\t\t\t\t\t\t\t\t\t\t\t\t\t<\/div>\n\t\t\t\t<\/div>\n\t\t\t\t\t<\/div>\n\t\t<\/div>\n\t\t\t\t<div class=\"elementor-column elementor-col-50 elementor-top-column elementor-element elementor-element-2dee19a\" data-id=\"2dee19a\" data-element_type=\"column\">\n\t\t\t<div class=\"elementor-widget-wrap elementor-element-populated\">\n\t\t\t\t\t\t<div class=\"elementor-element elementor-element-063db7e elementor-widget elementor-widget-text-editor\" data-id=\"063db7e\" data-element_type=\"widget\" data-widget_type=\"text-editor.default\">\n\t\t\t\t<div class=\"elementor-widget-container\">\n\t\t\t\t\t\t\t\t\t<p data-start=\"227\" data-end=\"677\"><strong>Curso: Experiencias culturales y art\u00edsticas comunitarias en territorio.\u00a0<\/strong><\/p><p data-start=\"227\" data-end=\"677\">El curso estuvo dirigido a integrantes de la Red Cultural F y a actores culturales del Municipio F involucrados en proyectos comunitarios y autogestionados.<br data-start=\"418\" data-end=\"421\" \/>Fue dise\u00f1ado y dictado por el Grupo de Investigaci\u00f3n ACTO (Arte, Comunidad y Territorios Organizados) de la Facultad de Artes (Udelar), en articulaci\u00f3n con el Programa Integral Metropolitano (PIM).<br data-start=\"626\" data-end=\"629\" \/>Durante seis encuentros se trabajaron herramientas conceptuales y metodol\u00f3gicas para la gesti\u00f3n cultural, el trabajo colectivo y la reflexi\u00f3n sobre las pr\u00e1cticas culturales locales.<\/p><p data-start=\"227\" data-end=\"677\"><a href=\"https:\/\/acto.artes.udelar.edu.uy\/wp-content\/uploads\/2026\/02\/Programa-curso-PIM_Red-de-Cultura-F_2023-1.pdf\">Programa curso<\/a><\/p><p data-start=\"227\" data-end=\"677\">\u00a0<\/p>\t\t\t\t\t\t\t\t<\/div>\n\t\t\t\t<\/div>\n\t\t\t\t\t<\/div>\n\t\t<\/div>\n\t\t\t\t\t<\/div>\n\t\t<\/section>\n\t\t\t\t<section class=\"elementor-section elementor-top-section elementor-element elementor-element-ea7df0f elementor-section-boxed elementor-section-height-default elementor-section-height-default\" data-id=\"ea7df0f\" data-element_type=\"section\">\n\t\t\t\t\t\t<div class=\"elementor-container elementor-column-gap-default\">\n\t\t\t\t\t<div class=\"elementor-column elementor-col-100 elementor-top-column elementor-element elementor-element-e0665d4\" data-id=\"e0665d4\" data-element_type=\"column\">\n\t\t\t<div class=\"elementor-widget-wrap\">\n\t\t\t\t\t\t\t<\/div>\n\t\t<\/div>\n\t\t\t\t\t<\/div>\n\t\t<\/section>\n\t\t\t\t<section class=\"elementor-section elementor-top-section elementor-element elementor-element-603d1aa elementor-section-boxed elementor-section-height-default elementor-section-height-default\" data-id=\"603d1aa\" data-element_type=\"section\">\n\t\t\t\t\t\t<div class=\"elementor-container elementor-column-gap-default\">\n\t\t\t\t\t<div class=\"elementor-column elementor-col-50 elementor-top-column elementor-element elementor-element-3edcd1e\" data-id=\"3edcd1e\" data-element_type=\"column\">\n\t\t\t<div class=\"elementor-widget-wrap elementor-element-populated\">\n\t\t\t\t\t\t<div class=\"elementor-element elementor-element-a06576d elementor-widget elementor-widget-image\" data-id=\"a06576d\" data-element_type=\"widget\" data-widget_type=\"image.default\">\n\t\t\t\t<div class=\"elementor-widget-container\">\n\t\t\t\t\t\t\t\t\t\t\t\t\t\t\t<img decoding=\"async\" width=\"300\" height=\"300\" src=\"https:\/\/acto.artes.udelar.edu.uy\/wp-content\/uploads\/2026\/04\/2021_AFICHE-EFI-300x300.jpg\" class=\"attachment-medium size-medium wp-image-838\" alt=\"\" srcset=\"https:\/\/acto.artes.udelar.edu.uy\/wp-content\/uploads\/2026\/04\/2021_AFICHE-EFI-300x300.jpg 300w, https:\/\/acto.artes.udelar.edu.uy\/wp-content\/uploads\/2026\/04\/2021_AFICHE-EFI-1024x1024.jpg 1024w, https:\/\/acto.artes.udelar.edu.uy\/wp-content\/uploads\/2026\/04\/2021_AFICHE-EFI-150x150.jpg 150w, https:\/\/acto.artes.udelar.edu.uy\/wp-content\/uploads\/2026\/04\/2021_AFICHE-EFI-768x768.jpg 768w, https:\/\/acto.artes.udelar.edu.uy\/wp-content\/uploads\/2026\/04\/2021_AFICHE-EFI-1536x1536.jpg 1536w, https:\/\/acto.artes.udelar.edu.uy\/wp-content\/uploads\/2026\/04\/2021_AFICHE-EFI-2048x2048.jpg 2048w\" sizes=\"(max-width: 300px) 100vw, 300px\" \/>\t\t\t\t\t\t\t\t\t\t\t\t\t\t\t<\/div>\n\t\t\t\t<\/div>\n\t\t\t\t\t<\/div>\n\t\t<\/div>\n\t\t\t\t<div class=\"elementor-column elementor-col-50 elementor-top-column elementor-element elementor-element-e876c05\" data-id=\"e876c05\" data-element_type=\"column\">\n\t\t\t<div class=\"elementor-widget-wrap elementor-element-populated\">\n\t\t\t\t\t\t<div class=\"elementor-element elementor-element-1c55733 elementor-widget elementor-widget-text-editor\" data-id=\"1c55733\" data-element_type=\"widget\" data-widget_type=\"text-editor.default\">\n\t\t\t\t<div class=\"elementor-widget-container\">\n\t\t\t\t\t\t\t\t\t<p data-start=\"0\" data-end=\"304\"><strong><span style=\"color: #000000;\">EFI \u201cArte, barrio y acci\u00f3n social\u201d<\/span><\/strong><\/p><p data-start=\"0\" data-end=\"304\"><span style=\"color: #000000;\">En 2021, el EFI \u201cArte, barrio y acci\u00f3n social\u201d se desarroll\u00f3 en el barrio Pueblo Victoria (Municipio A), con base en el Centro Cultural Casa de Mario Benabbi, cuyo archivo fotogr\u00e1fico y documental \u2014que abarca gran parte del siglo XX\u2014 funcion\u00f3 como punto de partida para las investigaciones estudiantiles.<\/span><\/p><p data-start=\"306\" data-end=\"733\" data-is-last-node=\"\" data-is-only-node=\"\"><span style=\"color: #000000;\">En este marco, el EFI propuso una formaci\u00f3n te\u00f3rico-pr\u00e1ctica en arte en contextos comunitarios, integrando ense\u00f1anza, extensi\u00f3n e investigaci\u00f3n. Durante dos semestres, estudiantes y docentes realizaron un diagn\u00f3stico territorial, dise\u00f1aron e implementaron una intervenci\u00f3n art\u00edstica y evaluaron el proceso, desarrollando a su vez investigaciones individuales y actividades p\u00fablicas en colaboraci\u00f3n con vecinos y organizaciones.<\/span><\/p>\t\t\t\t\t\t\t\t<\/div>\n\t\t\t\t<\/div>\n\t\t\t\t\t<\/div>\n\t\t<\/div>\n\t\t\t\t\t<\/div>\n\t\t<\/section>\n\t\t\t\t<section class=\"elementor-section elementor-top-section elementor-element elementor-element-ad6938a elementor-section-boxed elementor-section-height-default elementor-section-height-default\" data-id=\"ad6938a\" data-element_type=\"section\">\n\t\t\t\t\t\t<div class=\"elementor-container elementor-column-gap-default\">\n\t\t\t\t\t<div class=\"elementor-column elementor-col-100 elementor-top-column elementor-element elementor-element-be332a6\" data-id=\"be332a6\" data-element_type=\"column\">\n\t\t\t<div class=\"elementor-widget-wrap\">\n\t\t\t\t\t\t\t<\/div>\n\t\t<\/div>\n\t\t\t\t\t<\/div>\n\t\t<\/section>\n\t\t\t\t<section class=\"elementor-section elementor-top-section elementor-element elementor-element-1956ee4 elementor-section-boxed elementor-section-height-default elementor-section-height-default\" data-id=\"1956ee4\" data-element_type=\"section\">\n\t\t\t\t\t\t<div class=\"elementor-container elementor-column-gap-default\">\n\t\t\t\t\t<div class=\"elementor-column elementor-col-50 elementor-top-column elementor-element elementor-element-cfce27f\" data-id=\"cfce27f\" data-element_type=\"column\">\n\t\t\t<div class=\"elementor-widget-wrap elementor-element-populated\">\n\t\t\t\t\t\t<div class=\"elementor-element elementor-element-b5e3736 elementor-widget elementor-widget-image\" data-id=\"b5e3736\" data-element_type=\"widget\" data-widget_type=\"image.default\">\n\t\t\t\t<div class=\"elementor-widget-container\">\n\t\t\t\t\t\t\t\t\t\t\t\t\t\t\t<img decoding=\"async\" src=\"https:\/\/acto.artes.udelar.edu.uy\/wp-content\/uploads\/elementor\/thumbs\/WhatsApp-Image-2022-11-15-at-15.31.54-pxrem58hyo2aerg2z8nbvyd24grcc1ssb00jxynv68.jpeg\" title=\"WhatsApp Image 2022-11-15 at 15.31.54\" alt=\"Curso EP\" loading=\"lazy\" \/>\t\t\t\t\t\t\t\t\t\t\t\t\t\t\t<\/div>\n\t\t\t\t<\/div>\n\t\t\t\t\t<\/div>\n\t\t<\/div>\n\t\t\t\t<div class=\"elementor-column elementor-col-50 elementor-top-column elementor-element elementor-element-16f33b0\" data-id=\"16f33b0\" data-element_type=\"column\">\n\t\t\t<div class=\"elementor-widget-wrap elementor-element-populated\">\n\t\t\t\t\t\t<div class=\"elementor-element elementor-element-0ed1dab elementor-widget elementor-widget-text-editor\" data-id=\"0ed1dab\" data-element_type=\"widget\" data-widget_type=\"text-editor.default\">\n\t\t\t\t<div class=\"elementor-widget-container\">\n\t\t\t\t\t\t\t\t\t<p><span style=\"color: #000000;\"><strong>Curso: Formaci\u00f3n en Gesti\u00f3n Cultural local y comunitaria (R\u00edo Negro)<\/strong><\/span><\/p><p style=\"text-align: left;\"><span style=\"color: #000000;\">El curso de Educaci\u00f3n Permanente estuvo dirigido a actores culturales, gestores\/as, activistas y a la comunidad en general de R\u00edo Negro y la regi\u00f3n, involucrados en proyectos art\u00edsticos o culturales locales y comunitarios. Fue dise\u00f1ado y dictado por el Grupo de Investigaci\u00f3n ACTO (Arte, Comunidad y Territorios Organizados) de la Universidad de la Rep\u00fablica, junto a docentes invitados, en articulaci\u00f3n con el Cenur Litoral Norte, sede R\u00edo Negro.<\/span><\/p><p style=\"text-align: left;\"><a href=\"https:\/\/acto.artes.udelar.edu.uy\/wp-content\/uploads\/2026\/02\/2022Programa-Final-Cenur-Gestion-cultural-local-y-comunitaria-1.pdf\">Programa del curso<\/a><\/p>\t\t\t\t\t\t\t\t<\/div>\n\t\t\t\t<\/div>\n\t\t\t\t\t<\/div>\n\t\t<\/div>\n\t\t\t\t\t<\/div>\n\t\t<\/section>\n\t\t\t\t<section class=\"elementor-section elementor-top-section elementor-element elementor-element-a5a15c1 elementor-section-boxed elementor-section-height-default elementor-section-height-default\" data-id=\"a5a15c1\" data-element_type=\"section\">\n\t\t\t\t\t\t<div class=\"elementor-container elementor-column-gap-default\">\n\t\t\t\t\t<div class=\"elementor-column elementor-col-100 elementor-top-column elementor-element elementor-element-a78da0d\" data-id=\"a78da0d\" data-element_type=\"column\">\n\t\t\t<div class=\"elementor-widget-wrap\">\n\t\t\t\t\t\t\t<\/div>\n\t\t<\/div>\n\t\t\t\t\t<\/div>\n\t\t<\/section>\n\t\t\t\t<section class=\"elementor-section elementor-top-section elementor-element elementor-element-55bd485 elementor-section-boxed elementor-section-height-default elementor-section-height-default\" data-id=\"55bd485\" data-element_type=\"section\">\n\t\t\t\t\t\t<div class=\"elementor-container elementor-column-gap-default\">\n\t\t\t\t\t<div class=\"elementor-column elementor-col-50 elementor-top-column elementor-element elementor-element-b1ca1f6\" data-id=\"b1ca1f6\" data-element_type=\"column\">\n\t\t\t<div class=\"elementor-widget-wrap elementor-element-populated\">\n\t\t\t\t\t\t<div class=\"elementor-element elementor-element-2fc5525 elementor-widget elementor-widget-image\" data-id=\"2fc5525\" data-element_type=\"widget\" data-widget_type=\"image.default\">\n\t\t\t\t<div class=\"elementor-widget-container\">\n\t\t\t\t\t\t\t\t\t\t\t\t\t\t\t<img decoding=\"async\" src=\"https:\/\/acto.artes.udelar.edu.uy\/wp-content\/uploads\/elementor\/thumbs\/WhatsApp-Image-2022-11-15-at-15.31.54-1-pxrelwry95qpi9sdcmzorihwrzx1erv79u56mh0eq8.jpeg\" title=\"WhatsApp Image 2022-11-15 at 15.31.54 (1)\" alt=\"Curso PAS\" loading=\"lazy\" \/>\t\t\t\t\t\t\t\t\t\t\t\t\t\t\t<\/div>\n\t\t\t\t<\/div>\n\t\t\t\t\t<\/div>\n\t\t<\/div>\n\t\t\t\t<div class=\"elementor-column elementor-col-50 elementor-top-column elementor-element elementor-element-af89889\" data-id=\"af89889\" data-element_type=\"column\">\n\t\t\t<div class=\"elementor-widget-wrap elementor-element-populated\">\n\t\t\t\t\t\t<div class=\"elementor-element elementor-element-6d00c8e elementor-widget elementor-widget-text-editor\" data-id=\"6d00c8e\" data-element_type=\"widget\" data-widget_type=\"text-editor.default\">\n\t\t\t\t<div class=\"elementor-widget-container\">\n\t\t\t\t\t\t\t\t\t<p data-start=\"0\" data-end=\"346\"><span style=\"color: #000000;\"><strong>Curso: Formaci\u00f3n en Gesti\u00f3n Cultural local y comunitaria<\/strong><\/span>\u00a0<\/p><p data-start=\"0\" data-end=\"346\"><span style=\"color: #000000;\">El curso, desarrollado por el Grupo de Investigaci\u00f3n ACTO junto a docentes invitados y en articulaci\u00f3n con el Cenur Litoral Norte, sede R\u00edo Negro, dio continuidad a la formaci\u00f3n iniciada en 2021 en gesti\u00f3n cultural local y comunitaria. Participaron actores culturales, gestores, integrantes de colectivos y organizaciones sociales de la regi\u00f3n.<\/span><\/p><p data-start=\"348\" data-end=\"703\"><span style=\"color: #000000;\">La propuesta busc\u00f3 brindar herramientas conceptuales, metodol\u00f3gicas y de gesti\u00f3n para comprender y fortalecer procesos culturales comunitarios, atendiendo a sus realidades y necesidades. Tambi\u00e9n promovi\u00f3 el intercambio entre participantes de R\u00edo Negro y del suroeste de Montevideo, favoreciendo la articulaci\u00f3n entre experiencias territoriales diversas.<\/span><\/p><p data-start=\"348\" data-end=\"703\"><a href=\"https:\/\/acto.artes.udelar.edu.uy\/wp-content\/uploads\/2026\/02\/Formacion-en-gestion-cultural-local-y-comunitaria-Udelar-Rio-Negro.pdf\">Programa del curso<\/a><\/p><p data-start=\"348\" data-end=\"703\">\u00a0<\/p>\t\t\t\t\t\t\t\t<\/div>\n\t\t\t\t<\/div>\n\t\t\t\t\t<\/div>\n\t\t<\/div>\n\t\t\t\t\t<\/div>\n\t\t<\/section>\n\t\t\t\t<section class=\"elementor-section elementor-top-section elementor-element elementor-element-2d194ad elementor-section-boxed elementor-section-height-default elementor-section-height-default\" data-id=\"2d194ad\" data-element_type=\"section\">\n\t\t\t\t\t\t<div class=\"elementor-container elementor-column-gap-default\">\n\t\t\t\t\t<div class=\"elementor-column elementor-col-100 elementor-top-column elementor-element elementor-element-c6e5189\" data-id=\"c6e5189\" data-element_type=\"column\">\n\t\t\t<div class=\"elementor-widget-wrap\">\n\t\t\t\t\t\t\t<\/div>\n\t\t<\/div>\n\t\t\t\t\t<\/div>\n\t\t<\/section>\n\t\t\t\t<section class=\"elementor-section elementor-top-section elementor-element elementor-element-e0219fb elementor-section-boxed elementor-section-height-default elementor-section-height-default\" data-id=\"e0219fb\" data-element_type=\"section\">\n\t\t\t\t\t\t<div class=\"elementor-container elementor-column-gap-default\">\n\t\t\t\t\t<div class=\"elementor-column elementor-col-50 elementor-top-column elementor-element elementor-element-57d303b\" data-id=\"57d303b\" data-element_type=\"column\">\n\t\t\t<div class=\"elementor-widget-wrap elementor-element-populated\">\n\t\t\t\t\t\t<div class=\"elementor-element elementor-element-340ba80 elementor-widget elementor-widget-image\" data-id=\"340ba80\" data-element_type=\"widget\" data-widget_type=\"image.default\">\n\t\t\t\t<div class=\"elementor-widget-container\">\n\t\t\t\t\t\t\t\t\t\t\t\t\t\t\t<img decoding=\"async\" src=\"https:\/\/acto.artes.udelar.edu.uy\/wp-content\/uploads\/elementor\/thumbs\/WhatsApp-Image-2022-11-15-at-15.31.54-2-pxrelp98qhgexe3akjqo7ke80wy3p71cksxas9bk40.jpeg\" title=\"WhatsApp Image 2022-11-15 at 15.31.54 (2)\" alt=\"Curso EP\" loading=\"lazy\" \/>\t\t\t\t\t\t\t\t\t\t\t\t\t\t\t<\/div>\n\t\t\t\t<\/div>\n\t\t\t\t\t<\/div>\n\t\t<\/div>\n\t\t\t\t<div class=\"elementor-column elementor-col-50 elementor-top-column elementor-element elementor-element-35e9ff5\" data-id=\"35e9ff5\" data-element_type=\"column\">\n\t\t\t<div class=\"elementor-widget-wrap elementor-element-populated\">\n\t\t\t\t\t\t<div class=\"elementor-element elementor-element-9280ab2 elementor-widget elementor-widget-text-editor\" data-id=\"9280ab2\" data-element_type=\"widget\" data-widget_type=\"text-editor.default\">\n\t\t\t\t<div class=\"elementor-widget-container\">\n\t\t\t\t\t\t\t\t\t<p data-start=\"0\" data-end=\"517\"><span style=\"color: #000000;\"><strong>Curso: Procesos culturales y art\u00edsticos en contextos comunitarios y territoriales<\/strong><\/span><\/p><p data-start=\"0\" data-end=\"517\"><span style=\"color: #000000;\">El curso abord\u00f3 la importancia de la cultura y los enfoques transdisciplinarios en los procesos de cambio social, en un contexto latinoamericano marcado por tensiones y disputas entre la sociedad civil y nuevas formas de dominaci\u00f3n neoliberal. En Uruguay, acompa\u00f1\u00f3 el cambio de enfoque de las pol\u00edticas culturales hacia la descentralizaci\u00f3n y la democracia cultural, reconociendo la diversidad de formas en que distintos colectivos producen arte y cultura, especialmente desde experiencias populares y comunitarias.<\/span><\/p><p data-start=\"0\" data-end=\"517\"><a href=\"https:\/\/acto.artes.udelar.edu.uy\/wp-content\/uploads\/2026\/02\/CURSO-ED-PERMANENTE-TEORICO-CULTURA-COMUNITARIA.pdf\">Programa del curso<\/a><\/p><p data-start=\"773\" data-end=\"1093\" data-is-last-node=\"\" data-is-only-node=\"\">\u00a0<\/p>\t\t\t\t\t\t\t\t<\/div>\n\t\t\t\t<\/div>\n\t\t\t\t\t<\/div>\n\t\t<\/div>\n\t\t\t\t\t<\/div>\n\t\t<\/section>\n\t\t\t\t<section class=\"elementor-section elementor-top-section elementor-element elementor-element-3aed199 elementor-section-boxed elementor-section-height-default elementor-section-height-default\" data-id=\"3aed199\" data-element_type=\"section\">\n\t\t\t\t\t\t<div class=\"elementor-container elementor-column-gap-default\">\n\t\t\t\t\t<div class=\"elementor-column elementor-col-100 elementor-top-column elementor-element elementor-element-3454966\" data-id=\"3454966\" data-element_type=\"column\">\n\t\t\t<div class=\"elementor-widget-wrap\">\n\t\t\t\t\t\t\t<\/div>\n\t\t<\/div>\n\t\t\t\t\t<\/div>\n\t\t<\/section>\n\t\t\t\t<section class=\"elementor-section elementor-top-section elementor-element elementor-element-375ef5f elementor-section-boxed elementor-section-height-default elementor-section-height-default\" data-id=\"375ef5f\" data-element_type=\"section\">\n\t\t\t\t\t\t<div class=\"elementor-container elementor-column-gap-default\">\n\t\t\t\t\t<div class=\"elementor-column elementor-col-50 elementor-top-column elementor-element elementor-element-43b7264\" data-id=\"43b7264\" data-element_type=\"column\">\n\t\t\t<div class=\"elementor-widget-wrap elementor-element-populated\">\n\t\t\t\t\t\t<div class=\"elementor-element elementor-element-e530af6 elementor-widget elementor-widget-image\" data-id=\"e530af6\" data-element_type=\"widget\" data-widget_type=\"image.default\">\n\t\t\t\t<div class=\"elementor-widget-container\">\n\t\t\t\t\t\t\t\t\t\t\t\t\t\t\t<img loading=\"lazy\" decoding=\"async\" width=\"212\" height=\"300\" src=\"https:\/\/acto.artes.udelar.edu.uy\/wp-content\/uploads\/2026\/04\/5TO-EN-PUEBLO-VICTORIA-212x300.jpg\" class=\"attachment-medium size-medium wp-image-837\" alt=\"\" srcset=\"https:\/\/acto.artes.udelar.edu.uy\/wp-content\/uploads\/2026\/04\/5TO-EN-PUEBLO-VICTORIA-212x300.jpg 212w, https:\/\/acto.artes.udelar.edu.uy\/wp-content\/uploads\/2026\/04\/5TO-EN-PUEBLO-VICTORIA-724x1024.jpg 724w, https:\/\/acto.artes.udelar.edu.uy\/wp-content\/uploads\/2026\/04\/5TO-EN-PUEBLO-VICTORIA-768x1086.jpg 768w, https:\/\/acto.artes.udelar.edu.uy\/wp-content\/uploads\/2026\/04\/5TO-EN-PUEBLO-VICTORIA-1086x1536.jpg 1086w, https:\/\/acto.artes.udelar.edu.uy\/wp-content\/uploads\/2026\/04\/5TO-EN-PUEBLO-VICTORIA-1448x2048.jpg 1448w, https:\/\/acto.artes.udelar.edu.uy\/wp-content\/uploads\/2026\/04\/5TO-EN-PUEBLO-VICTORIA-scaled.jpg 1810w\" sizes=\"(max-width: 212px) 100vw, 212px\" \/>\t\t\t\t\t\t\t\t\t\t\t\t\t\t\t<\/div>\n\t\t\t\t<\/div>\n\t\t\t\t\t<\/div>\n\t\t<\/div>\n\t\t\t\t<div class=\"elementor-column elementor-col-50 elementor-top-column elementor-element elementor-element-bbd355c\" data-id=\"bbd355c\" data-element_type=\"column\">\n\t\t\t<div class=\"elementor-widget-wrap elementor-element-populated\">\n\t\t\t\t\t\t<div class=\"elementor-element elementor-element-857a424 elementor-widget elementor-widget-text-editor\" data-id=\"857a424\" data-element_type=\"widget\" data-widget_type=\"text-editor.default\">\n\t\t\t\t<div class=\"elementor-widget-container\">\n\t\t\t\t\t\t\t\t\t<p data-start=\"0\" data-end=\"304\"><strong><span style=\"color: #000000;\">EFI \u201cArte, barrio y acci\u00f3n social\u201d<\/span><\/strong><\/p><p data-start=\"0\" data-end=\"304\"><span style=\"color: #000000;\">El EFI \u201cArte, barrio y acci\u00f3n social\u201d se desarroll\u00f3 en el barrio Pueblo Victoria (Municipio A), con base en el Centro Cultural Casa de Mario Benabbi, cuyo archivo fotogr\u00e1fico y documental \u2014que abarca gran parte del siglo XX\u2014 funcion\u00f3 como punto de partida para las investigaciones estudiantiles.<\/span><\/p><p data-start=\"306\" data-end=\"733\" data-is-last-node=\"\" data-is-only-node=\"\"><span style=\"color: #000000;\">En este marco, el EFI propuso una formaci\u00f3n te\u00f3rico-pr\u00e1ctica en arte en contextos comunitarios, integrando ense\u00f1anza, extensi\u00f3n e investigaci\u00f3n. Durante dos semestres, estudiantes y docentes realizaron un diagn\u00f3stico territorial, dise\u00f1aron e implementaron una intervenci\u00f3n art\u00edstica y evaluaron el proceso, desarrollando a su vez investigaciones individuales y actividades p\u00fablicas en colaboraci\u00f3n con vecinos y organizaciones.<\/span><\/p>\t\t\t\t\t\t\t\t<\/div>\n\t\t\t\t<\/div>\n\t\t\t\t\t<\/div>\n\t\t<\/div>\n\t\t\t\t\t<\/div>\n\t\t<\/section>\n\t\t\t\t<\/div>\n\t\t","protected":false},"excerpt":{"rendered":"<p>Formaci\u00f3n En Uruguay se constata la escasa oferta formativa p\u00fablica acerca de las especificidades de los procesos y experiencias en los \u00e1mbitos de las culturas comunitarias y populares. En este marco, los diferentes cursos que dictamos, apuntan a ofrecer herramientas conceptuales, metodol\u00f3gicas y epistemol\u00f3gicas. En el intercambio con quienes participan de los cursos, buscamos contribuir [&hellip;]<\/p>\n","protected":false},"author":1,"featured_media":0,"parent":0,"menu_order":0,"comment_status":"closed","ping_status":"closed","template":"","meta":{"site-sidebar-layout":"no-sidebar","site-content-layout":"page-builder","ast-site-content-layout":"","site-content-style":"default","site-sidebar-style":"default","ast-global-header-display":"","ast-banner-title-visibility":"","ast-main-header-display":"","ast-hfb-above-header-display":"","ast-hfb-below-header-display":"","ast-hfb-mobile-header-display":"","site-post-title":"disabled","ast-breadcrumbs-content":"","ast-featured-img":"disabled","footer-sml-layout":"","theme-transparent-header-meta":"","adv-header-id-meta":"","stick-header-meta":"","header-above-stick-meta":"","header-main-stick-meta":"","header-below-stick-meta":"","astra-migrate-meta-layouts":"default","ast-page-background-enabled":"default","ast-page-background-meta":{"desktop":{"background-color":"var(--ast-global-color-4)","background-image":"","background-repeat":"repeat","background-position":"center center","background-size":"auto","background-attachment":"scroll","background-type":"","background-media":"","overlay-type":"","overlay-color":"","overlay-opacity":"","overlay-gradient":""},"tablet":{"background-color":"","background-image":"","background-repeat":"repeat","background-position":"center center","background-size":"auto","background-attachment":"scroll","background-type":"","background-media":"","overlay-type":"","overlay-color":"","overlay-opacity":"","overlay-gradient":""},"mobile":{"background-color":"","background-image":"","background-repeat":"repeat","background-position":"center center","background-size":"auto","background-attachment":"scroll","background-type":"","background-media":"","overlay-type":"","overlay-color":"","overlay-opacity":"","overlay-gradient":""}},"ast-content-background-meta":{"desktop":{"background-color":"var(--ast-global-color-5)","background-image":"","background-repeat":"repeat","background-position":"center center","background-size":"auto","background-attachment":"scroll","background-type":"","background-media":"","overlay-type":"","overlay-color":"","overlay-opacity":"","overlay-gradient":""},"tablet":{"background-color":"var(--ast-global-color-5)","background-image":"","background-repeat":"repeat","background-position":"center center","background-size":"auto","background-attachment":"scroll","background-type":"","background-media":"","overlay-type":"","overlay-color":"","overlay-opacity":"","overlay-gradient":""},"mobile":{"background-color":"var(--ast-global-color-5)","background-image":"","background-repeat":"repeat","background-position":"center center","background-size":"auto","background-attachment":"scroll","background-type":"","background-media":"","overlay-type":"","overlay-color":"","overlay-opacity":"","overlay-gradient":""}},"footnotes":""},"class_list":["post-174","page","type-page","status-publish","hentry"],"_links":{"self":[{"href":"https:\/\/acto.artes.udelar.edu.uy\/index.php\/wp-json\/wp\/v2\/pages\/174","targetHints":{"allow":["GET"]}}],"collection":[{"href":"https:\/\/acto.artes.udelar.edu.uy\/index.php\/wp-json\/wp\/v2\/pages"}],"about":[{"href":"https:\/\/acto.artes.udelar.edu.uy\/index.php\/wp-json\/wp\/v2\/types\/page"}],"author":[{"embeddable":true,"href":"https:\/\/acto.artes.udelar.edu.uy\/index.php\/wp-json\/wp\/v2\/users\/1"}],"replies":[{"embeddable":true,"href":"https:\/\/acto.artes.udelar.edu.uy\/index.php\/wp-json\/wp\/v2\/comments?post=174"}],"version-history":[{"count":88,"href":"https:\/\/acto.artes.udelar.edu.uy\/index.php\/wp-json\/wp\/v2\/pages\/174\/revisions"}],"predecessor-version":[{"id":871,"href":"https:\/\/acto.artes.udelar.edu.uy\/index.php\/wp-json\/wp\/v2\/pages\/174\/revisions\/871"}],"wp:attachment":[{"href":"https:\/\/acto.artes.udelar.edu.uy\/index.php\/wp-json\/wp\/v2\/media?parent=174"}],"curies":[{"name":"wp","href":"https:\/\/api.w.org\/{rel}","templated":true}]}}