{"id":189,"date":"2022-11-15T15:34:05","date_gmt":"2022-11-15T18:34:05","guid":{"rendered":"http:\/\/acto.artes.udelar.edu.uy\/?page_id=189"},"modified":"2026-04-27T18:04:15","modified_gmt":"2026-04-27T21:04:15","slug":"documentos","status":"publish","type":"page","link":"https:\/\/acto.artes.udelar.edu.uy\/index.php\/documentos\/","title":{"rendered":"Publicaciones"},"content":{"rendered":"\t\t<div data-elementor-type=\"wp-page\" data-elementor-id=\"189\" class=\"elementor elementor-189\">\n\t\t\t\t\t\t<section class=\"elementor-section elementor-top-section elementor-element elementor-element-bdf1cc8 elementor-section-boxed elementor-section-height-default elementor-section-height-default\" data-id=\"bdf1cc8\" data-element_type=\"section\">\n\t\t\t\t\t\t<div class=\"elementor-container elementor-column-gap-default\">\n\t\t\t\t\t<div class=\"elementor-column elementor-col-100 elementor-top-column elementor-element elementor-element-160740c\" data-id=\"160740c\" data-element_type=\"column\">\n\t\t\t<div class=\"elementor-widget-wrap elementor-element-populated\">\n\t\t\t\t\t\t<div class=\"elementor-element elementor-element-16ab91a4 elementor-widget elementor-widget-heading\" data-id=\"16ab91a4\" data-element_type=\"widget\" data-widget_type=\"heading.default\">\n\t\t\t\t<div class=\"elementor-widget-container\">\n\t\t\t\t\t<h4 class=\"elementor-heading-title elementor-size-default\">Publicaciones<\/h4>\t\t\t\t<\/div>\n\t\t\t\t<\/div>\n\t\t\t\t\t<\/div>\n\t\t<\/div>\n\t\t\t\t\t<\/div>\n\t\t<\/section>\n\t\t\t\t<section class=\"elementor-section elementor-top-section elementor-element elementor-element-e87ec9e elementor-section-boxed elementor-section-height-default elementor-section-height-default\" data-id=\"e87ec9e\" data-element_type=\"section\">\n\t\t\t\t\t\t<div class=\"elementor-container elementor-column-gap-default\">\n\t\t\t\t\t<div class=\"elementor-column elementor-col-50 elementor-top-column elementor-element elementor-element-b448a89\" data-id=\"b448a89\" data-element_type=\"column\">\n\t\t\t<div class=\"elementor-widget-wrap elementor-element-populated\">\n\t\t\t\t\t\t<div class=\"elementor-element elementor-element-98fb79b elementor-widget elementor-widget-image\" data-id=\"98fb79b\" data-element_type=\"widget\" data-widget_type=\"image.default\">\n\t\t\t\t<div class=\"elementor-widget-container\">\n\t\t\t\t\t\t\t\t\t\t\t\t\t\t\t<img fetchpriority=\"high\" decoding=\"async\" width=\"354\" height=\"526\" src=\"https:\/\/acto.artes.udelar.edu.uy\/wp-content\/uploads\/2025\/06\/cover_issue_101_pt_BR.png\" class=\"attachment-large size-large wp-image-384\" alt=\"\" srcset=\"https:\/\/acto.artes.udelar.edu.uy\/wp-content\/uploads\/2025\/06\/cover_issue_101_pt_BR.png 354w, https:\/\/acto.artes.udelar.edu.uy\/wp-content\/uploads\/2025\/06\/cover_issue_101_pt_BR-202x300.png 202w\" sizes=\"(max-width: 354px) 100vw, 354px\" \/>\t\t\t\t\t\t\t\t\t\t\t\t\t\t\t<\/div>\n\t\t\t\t<\/div>\n\t\t\t\t\t<\/div>\n\t\t<\/div>\n\t\t\t\t<div class=\"elementor-column elementor-col-50 elementor-top-column elementor-element elementor-element-40d1bd2\" data-id=\"40d1bd2\" data-element_type=\"column\">\n\t\t\t<div class=\"elementor-widget-wrap elementor-element-populated\">\n\t\t\t\t\t\t<div class=\"elementor-element elementor-element-2a39fe2 elementor-widget elementor-widget-text-editor\" data-id=\"2a39fe2\" data-element_type=\"widget\" data-widget_type=\"text-editor.default\">\n\t\t\t\t<div class=\"elementor-widget-container\">\n\t\t\t\t\t\t\t\t\t<p><b><span style=\"color: #313131; font-size: 16px;\">\u00ab<\/span>Debaixo do cal\u00e7amento, a aula! Arte, barrio y acci\u00f3n social<span style=\"color: #313131; font-size: 16px;\">\u00bb<\/span><\/b><\/p><p>L\u00f3pez de la Torre, A.L. y Capra, C. (2024) \u201cDebaixo do cal\u00e7amento, a aula! Arte, barrio y acci\u00f3n social\u201d Dossi\u00ea Artes, Comunidades e Educa\u00e7\u00e3o. Revista da FUNDARTE, Montenegro, v.60, n\u00ba 60, p. 1-23, e1411.<\/p><p><a href=\"https:\/\/acto.artes.udelar.edu.uy\/wp-content\/uploads\/2025\/06\/21.DEBAIXODOCALCAMENTO.pdf\">Publicaci\u00f3n<\/a><\/p><p><a href=\"https:\/\/seer.fundarte.rs.gov.br\/index.php\/RevistadaFundarte\/issue\/view\/101\">Link a Revista 60<\/a><\/p>\t\t\t\t\t\t\t\t<\/div>\n\t\t\t\t<\/div>\n\t\t\t\t\t<\/div>\n\t\t<\/div>\n\t\t\t\t\t<\/div>\n\t\t<\/section>\n\t\t\t\t<section class=\"elementor-section elementor-top-section elementor-element elementor-element-b4007cf elementor-section-boxed elementor-section-height-default elementor-section-height-default\" data-id=\"b4007cf\" data-element_type=\"section\">\n\t\t\t\t\t\t<div class=\"elementor-container elementor-column-gap-default\">\n\t\t\t\t\t<div class=\"elementor-column elementor-col-100 elementor-top-column elementor-element elementor-element-5a1d892\" data-id=\"5a1d892\" data-element_type=\"column\">\n\t\t\t<div class=\"elementor-widget-wrap elementor-element-populated\">\n\t\t\t\t\t\t<div class=\"elementor-element elementor-element-efb6c65 elementor-widget elementor-widget-text-editor\" data-id=\"efb6c65\" data-element_type=\"widget\" data-widget_type=\"text-editor.default\">\n\t\t\t\t<div class=\"elementor-widget-container\">\n\t\t\t\t\t\t\t\t\t<p>&#8212;&#8212;&#8212;&#8212;&#8212;&#8212;&#8212;&#8212;&#8212;&#8212;&#8212;&#8212;&#8212;&#8212;&#8212;&#8212;&#8212;&#8212;&#8212;&#8212;&#8212;&#8212;&#8212;&#8212;&#8212;&#8212;&#8212;&#8212;&#8212;<\/p>\t\t\t\t\t\t\t\t<\/div>\n\t\t\t\t<\/div>\n\t\t\t\t\t<\/div>\n\t\t<\/div>\n\t\t\t\t\t<\/div>\n\t\t<\/section>\n\t\t\t\t<section class=\"elementor-section elementor-top-section elementor-element elementor-element-9334a7c elementor-section-boxed elementor-section-height-default elementor-section-height-default\" data-id=\"9334a7c\" data-element_type=\"section\">\n\t\t\t\t\t\t<div class=\"elementor-container elementor-column-gap-default\">\n\t\t\t\t\t<div class=\"elementor-column elementor-col-50 elementor-top-column elementor-element elementor-element-4e32e47\" data-id=\"4e32e47\" data-element_type=\"column\">\n\t\t\t<div class=\"elementor-widget-wrap elementor-element-populated\">\n\t\t\t\t\t\t<div class=\"elementor-element elementor-element-0b73e73 elementor-widget elementor-widget-image\" data-id=\"0b73e73\" data-element_type=\"widget\" data-widget_type=\"image.default\">\n\t\t\t\t<div class=\"elementor-widget-container\">\n\t\t\t\t\t\t\t\t\t\t\t\t\t\t\t<img decoding=\"async\" width=\"400\" height=\"525\" src=\"https:\/\/acto.artes.udelar.edu.uy\/wp-content\/uploads\/2025\/06\/CIRIEC_Portada_105.jpg\" class=\"attachment-large size-large wp-image-382\" alt=\"\" srcset=\"https:\/\/acto.artes.udelar.edu.uy\/wp-content\/uploads\/2025\/06\/CIRIEC_Portada_105.jpg 400w, https:\/\/acto.artes.udelar.edu.uy\/wp-content\/uploads\/2025\/06\/CIRIEC_Portada_105-229x300.jpg 229w\" sizes=\"(max-width: 400px) 100vw, 400px\" \/>\t\t\t\t\t\t\t\t\t\t\t\t\t\t\t<\/div>\n\t\t\t\t<\/div>\n\t\t\t\t\t<\/div>\n\t\t<\/div>\n\t\t\t\t<div class=\"elementor-column elementor-col-50 elementor-top-column elementor-element elementor-element-aa5b868\" data-id=\"aa5b868\" data-element_type=\"column\">\n\t\t\t<div class=\"elementor-widget-wrap elementor-element-populated\">\n\t\t\t\t\t\t<div class=\"elementor-element elementor-element-5848013 elementor-widget elementor-widget-text-editor\" data-id=\"5848013\" data-element_type=\"widget\" data-widget_type=\"text-editor.default\">\n\t\t\t\t<div class=\"elementor-widget-container\">\n\t\t\t\t\t\t\t\t\t<p><b><span style=\"font-style: inherit;\">\u00ab<\/span>Desarrollo cooperativo a partir del impulso sindical. El caso de las Cooperativas de Artistas y Oficios Conexos en Uruguay<span style=\"font-style: inherit;\">\u00bb<\/span><\/b><\/p><p>Romero, M. &amp; Torrelli, M. (2022) \u201cDesarrollo cooperativo a partir del impulso sindical. El caso de las Cooperativas de Artistas y Oficios Conexos en Uruguay\u201d, CIRIEC-Espa\u00f1a, Revista de Econom\u00eda P\u00fablica, Social y Cooperativa, 105, 65-91. DOI: 10.7a203\/CIRIEC-E.105.24218.<\/p><p><a href=\"https:\/\/acto.artes.udelar.edu.uy\/wp-content\/uploads\/2025\/06\/CIRIEC_105_03_Romero_Torrelli.pdf\">Publicaci\u00f3n<\/a><\/p><p><a href=\"https:\/\/ciriec-revistaeconomia.es\/es\/revista\/?num=4679\">Link a Revista 105<\/a><\/p>\t\t\t\t\t\t\t\t<\/div>\n\t\t\t\t<\/div>\n\t\t\t\t\t<\/div>\n\t\t<\/div>\n\t\t\t\t\t<\/div>\n\t\t<\/section>\n\t\t\t\t<section class=\"elementor-section elementor-top-section elementor-element elementor-element-aa2fd1b elementor-section-boxed elementor-section-height-default elementor-section-height-default\" data-id=\"aa2fd1b\" data-element_type=\"section\">\n\t\t\t\t\t\t<div class=\"elementor-container elementor-column-gap-default\">\n\t\t\t\t\t<div class=\"elementor-column elementor-col-100 elementor-top-column elementor-element elementor-element-aa466a7\" data-id=\"aa466a7\" data-element_type=\"column\">\n\t\t\t<div class=\"elementor-widget-wrap elementor-element-populated\">\n\t\t\t\t\t\t<div class=\"elementor-element elementor-element-429531a elementor-widget elementor-widget-text-editor\" data-id=\"429531a\" data-element_type=\"widget\" data-widget_type=\"text-editor.default\">\n\t\t\t\t<div class=\"elementor-widget-container\">\n\t\t\t\t\t\t\t\t\t<p>&#8212;&#8212;&#8212;&#8212;&#8212;&#8212;&#8212;&#8212;&#8212;&#8212;&#8212;&#8212;&#8212;&#8212;&#8212;&#8212;&#8212;&#8212;&#8212;&#8212;&#8212;&#8212;&#8212;&#8212;&#8212;&#8212;&#8212;&#8212;&#8212;<\/p>\t\t\t\t\t\t\t\t<\/div>\n\t\t\t\t<\/div>\n\t\t\t\t\t<\/div>\n\t\t<\/div>\n\t\t\t\t\t<\/div>\n\t\t<\/section>\n\t\t\t\t<section class=\"elementor-section elementor-top-section elementor-element elementor-element-6c1dd9f elementor-section-boxed elementor-section-height-default elementor-section-height-default\" data-id=\"6c1dd9f\" data-element_type=\"section\">\n\t\t\t\t\t\t<div class=\"elementor-container elementor-column-gap-default\">\n\t\t\t\t\t<div class=\"elementor-column elementor-col-33 elementor-top-column elementor-element elementor-element-fd80b41\" data-id=\"fd80b41\" data-element_type=\"column\">\n\t\t\t<div class=\"elementor-widget-wrap elementor-element-populated\">\n\t\t\t\t\t\t<div class=\"elementor-element elementor-element-ced6fe6 elementor-widget elementor-widget-image\" data-id=\"ced6fe6\" data-element_type=\"widget\" data-widget_type=\"image.default\">\n\t\t\t\t<div class=\"elementor-widget-container\">\n\t\t\t\t\t\t\t\t\t\t\t\t\t\t\t<img decoding=\"async\" width=\"394\" height=\"560\" src=\"https:\/\/acto.artes.udelar.edu.uy\/wp-content\/uploads\/2025\/06\/PortadaCulturaComunenAccion.jpg\" class=\"attachment-large size-large wp-image-369\" alt=\"\" srcset=\"https:\/\/acto.artes.udelar.edu.uy\/wp-content\/uploads\/2025\/06\/PortadaCulturaComunenAccion.jpg 394w, https:\/\/acto.artes.udelar.edu.uy\/wp-content\/uploads\/2025\/06\/PortadaCulturaComunenAccion-211x300.jpg 211w\" sizes=\"(max-width: 394px) 100vw, 394px\" \/>\t\t\t\t\t\t\t\t\t\t\t\t\t\t\t<\/div>\n\t\t\t\t<\/div>\n\t\t\t\t\t<\/div>\n\t\t<\/div>\n\t\t\t\t<div class=\"elementor-column elementor-col-66 elementor-top-column elementor-element elementor-element-228a247\" data-id=\"228a247\" data-element_type=\"column\">\n\t\t\t<div class=\"elementor-widget-wrap elementor-element-populated\">\n\t\t\t\t\t\t<div class=\"elementor-element elementor-element-3b4f92a elementor-widget elementor-widget-text-editor\" data-id=\"3b4f92a\" data-element_type=\"widget\" data-widget_type=\"text-editor.default\">\n\t\t\t\t<div class=\"elementor-widget-container\">\n\t\t\t\t\t\t\t\t\t<p><b>\u00abCultura Com\u00fan en Acci\u00f3n<span style=\"font-style: inherit; font-size: 1rem;\">\u00bb<\/span><\/b><\/p><p>L\u00f3pez de la Torre, A. &amp; Simonetti, P. (2022) Cultura Com\u00fan en Acci\u00f3n: Procesos inter y transdisciplinarios para la comprensi\u00f3n y fortalecimiento de la producci\u00f3n cultural comunitaria en contextos territoriales. Montevideo: Universidad de la Rep\u00fablica.<\/p><p><a href=\"https:\/\/acto.artes.udelar.edu.uy\/wp-content\/uploads\/2026\/02\/2022_CulturaComunenAccion_SistematizacionACTO_.pdf\">Publicaci\u00f3n<\/a><\/p>\t\t\t\t\t\t\t\t<\/div>\n\t\t\t\t<\/div>\n\t\t\t\t\t<\/div>\n\t\t<\/div>\n\t\t\t\t\t<\/div>\n\t\t<\/section>\n\t\t\t\t<section class=\"elementor-section elementor-top-section elementor-element elementor-element-3b27e3a elementor-section-boxed elementor-section-height-default elementor-section-height-default\" data-id=\"3b27e3a\" data-element_type=\"section\">\n\t\t\t\t\t\t<div class=\"elementor-container elementor-column-gap-default\">\n\t\t\t\t\t<div class=\"elementor-column elementor-col-100 elementor-top-column elementor-element elementor-element-35f7e6a\" data-id=\"35f7e6a\" data-element_type=\"column\">\n\t\t\t<div class=\"elementor-widget-wrap elementor-element-populated\">\n\t\t\t\t\t\t<div class=\"elementor-element elementor-element-fafa17e elementor-widget elementor-widget-text-editor\" data-id=\"fafa17e\" data-element_type=\"widget\" data-widget_type=\"text-editor.default\">\n\t\t\t\t<div class=\"elementor-widget-container\">\n\t\t\t\t\t\t\t\t\t<p><span style=\"text-align: center;\">&#8212;&#8212;&#8212;&#8212;&#8212;&#8212;&#8212;&#8212;&#8212;&#8212;&#8212;&#8212;&#8212;&#8212;&#8212;&#8212;&#8212;&#8212;&#8212;&#8212;&#8212;&#8212;&#8212;&#8212;&#8212;&#8212;&#8212;&#8212;&#8212;<\/span><\/p>\t\t\t\t\t\t\t\t<\/div>\n\t\t\t\t<\/div>\n\t\t\t\t\t<\/div>\n\t\t<\/div>\n\t\t\t\t\t<\/div>\n\t\t<\/section>\n\t\t\t\t<section class=\"elementor-section elementor-top-section elementor-element elementor-element-a37946c elementor-section-boxed elementor-section-height-default elementor-section-height-default\" data-id=\"a37946c\" data-element_type=\"section\">\n\t\t\t\t\t\t<div class=\"elementor-container elementor-column-gap-default\">\n\t\t\t\t\t<div class=\"elementor-column elementor-col-50 elementor-top-column elementor-element elementor-element-ef30fbd\" data-id=\"ef30fbd\" data-element_type=\"column\">\n\t\t\t<div class=\"elementor-widget-wrap elementor-element-populated\">\n\t\t\t\t\t\t<div class=\"elementor-element elementor-element-8f4058f elementor-widget elementor-widget-image\" data-id=\"8f4058f\" data-element_type=\"widget\" data-widget_type=\"image.default\">\n\t\t\t\t<div class=\"elementor-widget-container\">\n\t\t\t\t\t\t\t\t\t\t\t\t\t\t\t<img loading=\"lazy\" decoding=\"async\" width=\"603\" height=\"737\" src=\"https:\/\/acto.artes.udelar.edu.uy\/wp-content\/uploads\/2025\/06\/PortadaLaOtraOrillaPuebloVictoria-rotated.jpg\" class=\"attachment-large size-large wp-image-386\" alt=\"\" srcset=\"https:\/\/acto.artes.udelar.edu.uy\/wp-content\/uploads\/2025\/06\/PortadaLaOtraOrillaPuebloVictoria-rotated.jpg 603w, https:\/\/acto.artes.udelar.edu.uy\/wp-content\/uploads\/2025\/06\/PortadaLaOtraOrillaPuebloVictoria-245x300.jpg 245w\" sizes=\"(max-width: 603px) 100vw, 603px\" \/>\t\t\t\t\t\t\t\t\t\t\t\t\t\t\t<\/div>\n\t\t\t\t<\/div>\n\t\t\t\t\t<\/div>\n\t\t<\/div>\n\t\t\t\t<div class=\"elementor-column elementor-col-50 elementor-top-column elementor-element elementor-element-9d7d740\" data-id=\"9d7d740\" data-element_type=\"column\">\n\t\t\t<div class=\"elementor-widget-wrap elementor-element-populated\">\n\t\t\t\t\t\t<div class=\"elementor-element elementor-element-7a2e06c elementor-widget elementor-widget-text-editor\" data-id=\"7a2e06c\" data-element_type=\"widget\" data-widget_type=\"text-editor.default\">\n\t\t\t\t<div class=\"elementor-widget-container\">\n\t\t\t\t\t\t\t\t\t<p><b>\u00abLa otra orilla: Pueblo Victoria\u00bb<\/b><\/p><p>L\u00f3pez de la Torre , A.L. &amp; Segalerba, L.; Eds. (2022) La otra orilla: Pueblo Victoria-Capurro. Montevideo: Facultad de Artes-UdelaR<\/p><p><a href=\"https:\/\/cloud.enba.edu.uy\/index.php\/s\/pC23WTLHn4R5oc5\">Publicaci\u00f3n<\/a><\/p>\t\t\t\t\t\t\t\t<\/div>\n\t\t\t\t<\/div>\n\t\t\t\t\t<\/div>\n\t\t<\/div>\n\t\t\t\t\t<\/div>\n\t\t<\/section>\n\t\t\t\t<section class=\"elementor-section elementor-top-section elementor-element elementor-element-2376adc elementor-section-boxed elementor-section-height-default elementor-section-height-default\" data-id=\"2376adc\" data-element_type=\"section\">\n\t\t\t\t\t\t<div class=\"elementor-container elementor-column-gap-default\">\n\t\t\t\t\t<div class=\"elementor-column elementor-col-100 elementor-top-column elementor-element elementor-element-6ad2576\" data-id=\"6ad2576\" data-element_type=\"column\">\n\t\t\t<div class=\"elementor-widget-wrap elementor-element-populated\">\n\t\t\t\t\t\t<div class=\"elementor-element elementor-element-b0d5ca7 elementor-widget elementor-widget-text-editor\" data-id=\"b0d5ca7\" data-element_type=\"widget\" data-widget_type=\"text-editor.default\">\n\t\t\t\t<div class=\"elementor-widget-container\">\n\t\t\t\t\t\t\t\t\t<p><span style=\"text-align: center;\">&#8212;&#8212;&#8212;&#8212;&#8212;&#8212;&#8212;&#8212;&#8212;&#8212;&#8212;&#8212;&#8212;&#8212;&#8212;&#8212;&#8212;&#8212;&#8212;&#8212;&#8212;&#8212;&#8212;&#8212;&#8212;&#8212;&#8212;&#8212;&#8212;<\/span><\/p>\t\t\t\t\t\t\t\t<\/div>\n\t\t\t\t<\/div>\n\t\t\t\t\t<\/div>\n\t\t<\/div>\n\t\t\t\t\t<\/div>\n\t\t<\/section>\n\t\t\t\t<section class=\"elementor-section elementor-top-section elementor-element elementor-element-b11cf02 elementor-section-boxed elementor-section-height-default elementor-section-height-default\" data-id=\"b11cf02\" data-element_type=\"section\">\n\t\t\t\t\t\t<div class=\"elementor-container elementor-column-gap-default\">\n\t\t\t\t\t<div class=\"elementor-column elementor-col-50 elementor-top-column elementor-element elementor-element-8d6f9d1\" data-id=\"8d6f9d1\" data-element_type=\"column\">\n\t\t\t<div class=\"elementor-widget-wrap elementor-element-populated\">\n\t\t\t\t\t\t<div class=\"elementor-element elementor-element-4971854 elementor-widget elementor-widget-image\" data-id=\"4971854\" data-element_type=\"widget\" data-widget_type=\"image.default\">\n\t\t\t\t<div class=\"elementor-widget-container\">\n\t\t\t\t\t\t\t\t\t\t\t\t\t\t\t<img loading=\"lazy\" decoding=\"async\" width=\"602\" height=\"737\" src=\"https:\/\/acto.artes.udelar.edu.uy\/wp-content\/uploads\/2025\/06\/PortadaLaOtraOrillaCapurro-rotated.jpg\" class=\"attachment-large size-large wp-image-385\" alt=\"\" srcset=\"https:\/\/acto.artes.udelar.edu.uy\/wp-content\/uploads\/2025\/06\/PortadaLaOtraOrillaCapurro-rotated.jpg 602w, https:\/\/acto.artes.udelar.edu.uy\/wp-content\/uploads\/2025\/06\/PortadaLaOtraOrillaCapurro-245x300.jpg 245w\" sizes=\"(max-width: 602px) 100vw, 602px\" \/>\t\t\t\t\t\t\t\t\t\t\t\t\t\t\t<\/div>\n\t\t\t\t<\/div>\n\t\t\t\t\t<\/div>\n\t\t<\/div>\n\t\t\t\t<div class=\"elementor-column elementor-col-50 elementor-top-column elementor-element elementor-element-a8300d6\" data-id=\"a8300d6\" data-element_type=\"column\">\n\t\t\t<div class=\"elementor-widget-wrap elementor-element-populated\">\n\t\t\t\t\t\t<div class=\"elementor-element elementor-element-a8bea3b elementor-widget elementor-widget-text-editor\" data-id=\"a8bea3b\" data-element_type=\"widget\" data-widget_type=\"text-editor.default\">\n\t\t\t\t<div class=\"elementor-widget-container\">\n\t\t\t\t\t\t\t\t\t<p><b>\u00abLa otra orilla: Capurro\u00bb<\/b><\/p><p>L\u00f3pez de la Torre , A.L. &amp; Segalerba, L.; Eds. (2022) La otra orilla: Pueblo Victoria-Capurro. Montevideo: Facultad de Artes-UdelaR<\/p><p><a href=\"https:\/\/cloud.enba.edu.uy\/index.php\/s\/y6Ey69DisTAqeF6\">Publicaci\u00f3n<\/a><\/p>\t\t\t\t\t\t\t\t<\/div>\n\t\t\t\t<\/div>\n\t\t\t\t\t<\/div>\n\t\t<\/div>\n\t\t\t\t\t<\/div>\n\t\t<\/section>\n\t\t\t\t<section class=\"elementor-section elementor-top-section elementor-element elementor-element-1656c48 elementor-section-boxed elementor-section-height-default elementor-section-height-default\" data-id=\"1656c48\" data-element_type=\"section\">\n\t\t\t\t\t\t<div class=\"elementor-container elementor-column-gap-default\">\n\t\t\t\t\t<div class=\"elementor-column elementor-col-100 elementor-top-column elementor-element elementor-element-ba1e7e5\" data-id=\"ba1e7e5\" data-element_type=\"column\">\n\t\t\t<div class=\"elementor-widget-wrap elementor-element-populated\">\n\t\t\t\t\t\t<div class=\"elementor-element elementor-element-310229c elementor-widget elementor-widget-text-editor\" data-id=\"310229c\" data-element_type=\"widget\" data-widget_type=\"text-editor.default\">\n\t\t\t\t<div class=\"elementor-widget-container\">\n\t\t\t\t\t\t\t\t\t<p><span style=\"text-align: center;\">&#8212;&#8212;&#8212;&#8212;&#8212;&#8212;&#8212;&#8212;&#8212;&#8212;&#8212;&#8212;&#8212;&#8212;&#8212;&#8212;&#8212;&#8212;&#8212;&#8212;&#8212;&#8212;&#8212;&#8212;&#8212;&#8212;&#8212;&#8212;&#8212;<\/span><\/p>\t\t\t\t\t\t\t\t<\/div>\n\t\t\t\t<\/div>\n\t\t\t\t\t<\/div>\n\t\t<\/div>\n\t\t\t\t\t<\/div>\n\t\t<\/section>\n\t\t\t\t<section class=\"elementor-section elementor-top-section elementor-element elementor-element-f6c65ad elementor-section-boxed elementor-section-height-default elementor-section-height-default\" data-id=\"f6c65ad\" data-element_type=\"section\">\n\t\t\t\t\t\t<div class=\"elementor-container elementor-column-gap-default\">\n\t\t\t\t\t<div class=\"elementor-column elementor-col-33 elementor-top-column elementor-element elementor-element-c398327\" data-id=\"c398327\" data-element_type=\"column\">\n\t\t\t<div class=\"elementor-widget-wrap elementor-element-populated\">\n\t\t\t\t\t\t<div class=\"elementor-element elementor-element-818e81b elementor-widget elementor-widget-image\" data-id=\"818e81b\" data-element_type=\"widget\" data-widget_type=\"image.default\">\n\t\t\t\t<div class=\"elementor-widget-container\">\n\t\t\t\t\t\t\t\t\t\t\t\t\t\t\t<img loading=\"lazy\" decoding=\"async\" width=\"396\" height=\"561\" src=\"https:\/\/acto.artes.udelar.edu.uy\/wp-content\/uploads\/2025\/06\/PortadaAbrazandoElBarrio.jpg\" class=\"attachment-large size-large wp-image-368\" alt=\"\" srcset=\"https:\/\/acto.artes.udelar.edu.uy\/wp-content\/uploads\/2025\/06\/PortadaAbrazandoElBarrio.jpg 396w, https:\/\/acto.artes.udelar.edu.uy\/wp-content\/uploads\/2025\/06\/PortadaAbrazandoElBarrio-212x300.jpg 212w\" sizes=\"(max-width: 396px) 100vw, 396px\" \/>\t\t\t\t\t\t\t\t\t\t\t\t\t\t\t<\/div>\n\t\t\t\t<\/div>\n\t\t\t\t\t<\/div>\n\t\t<\/div>\n\t\t\t\t<div class=\"elementor-column elementor-col-66 elementor-top-column elementor-element elementor-element-3407a06\" data-id=\"3407a06\" data-element_type=\"column\">\n\t\t\t<div class=\"elementor-widget-wrap elementor-element-populated\">\n\t\t\t\t\t\t<div class=\"elementor-element elementor-element-9c5415d elementor-widget elementor-widget-text-editor\" data-id=\"9c5415d\" data-element_type=\"widget\" data-widget_type=\"text-editor.default\">\n\t\t\t\t<div class=\"elementor-widget-container\">\n\t\t\t\t\t\t\t\t\t<p><span style=\"font-style: inherit;\"><b>\u00abAbrazando el barrio\u00bb<\/b><\/span><\/p><p><span data-sheets-root=\"1\">Una publicaci\u00f3n que recoge la experiencia llevada adelante en Pueblo Victoria en 2020, a trav\u00e9s de los testimonios escritos y visuales de estudiantes, docentes y vecinxs que participaron del curso y de las diversas actividades y proyectos que se realizaron en y con el barrio. Este curso es curricular para quienes hacen 5to en el Taller, y abierto a la participaci\u00f3n de vecinxs en modalidad \u00abcatedra libre\u00bb.<\/span><\/p><p><span data-sheets-root=\"1\">L\u00f3pez de la Torre. A. L. (Ed.) (2020) Abrazando el barrio. Montevideo: IENBA-UdelaR<\/span><\/p><p><a href=\"https:\/\/cloud.enba.edu.uy\/index.php\/s\/Li7EiikS7QDRtKr\"><span data-sheets-root=\"1\">Publi<\/span><span data-sheets-root=\"1\">caci\u00f3n<\/span><\/a><\/p>\t\t\t\t\t\t\t\t<\/div>\n\t\t\t\t<\/div>\n\t\t\t\t\t<\/div>\n\t\t<\/div>\n\t\t\t\t\t<\/div>\n\t\t<\/section>\n\t\t\t\t<section class=\"elementor-section elementor-top-section elementor-element elementor-element-e90e276 elementor-section-boxed elementor-section-height-default elementor-section-height-default\" data-id=\"e90e276\" data-element_type=\"section\">\n\t\t\t\t\t\t<div class=\"elementor-container elementor-column-gap-default\">\n\t\t\t\t\t<div class=\"elementor-column elementor-col-50 elementor-top-column elementor-element elementor-element-f2269b1\" data-id=\"f2269b1\" data-element_type=\"column\">\n\t\t\t<div class=\"elementor-widget-wrap elementor-element-populated\">\n\t\t\t\t\t\t<div class=\"elementor-element elementor-element-43824af elementor-widget__width-initial elementor-widget elementor-widget-image\" data-id=\"43824af\" data-element_type=\"widget\" data-widget_type=\"image.default\">\n\t\t\t\t<div class=\"elementor-widget-container\">\n\t\t\t\t\t\t\t\t\t\t\t\t\t\t\t<img loading=\"lazy\" decoding=\"async\" width=\"768\" height=\"437\" src=\"https:\/\/acto.artes.udelar.edu.uy\/wp-content\/uploads\/2026\/04\/Captura-de-pantalla-2026-04-27-a-las-5.42.44-p.-m-768x437.png\" class=\"attachment-medium_large size-medium_large wp-image-852\" alt=\"\" srcset=\"https:\/\/acto.artes.udelar.edu.uy\/wp-content\/uploads\/2026\/04\/Captura-de-pantalla-2026-04-27-a-las-5.42.44-p.-m-768x437.png 768w, https:\/\/acto.artes.udelar.edu.uy\/wp-content\/uploads\/2026\/04\/Captura-de-pantalla-2026-04-27-a-las-5.42.44-p.-m-300x171.png 300w, https:\/\/acto.artes.udelar.edu.uy\/wp-content\/uploads\/2026\/04\/Captura-de-pantalla-2026-04-27-a-las-5.42.44-p.-m-1024x583.png 1024w, https:\/\/acto.artes.udelar.edu.uy\/wp-content\/uploads\/2026\/04\/Captura-de-pantalla-2026-04-27-a-las-5.42.44-p.-m-1536x874.png 1536w, https:\/\/acto.artes.udelar.edu.uy\/wp-content\/uploads\/2026\/04\/Captura-de-pantalla-2026-04-27-a-las-5.42.44-p.-m-2048x1166.png 2048w\" sizes=\"(max-width: 768px) 100vw, 768px\" \/>\t\t\t\t\t\t\t\t\t\t\t\t\t\t\t<\/div>\n\t\t\t\t<\/div>\n\t\t\t\t\t<\/div>\n\t\t<\/div>\n\t\t\t\t<div class=\"elementor-column elementor-col-50 elementor-top-column elementor-element elementor-element-0123c6a\" data-id=\"0123c6a\" data-element_type=\"column\">\n\t\t\t<div class=\"elementor-widget-wrap elementor-element-populated\">\n\t\t\t\t\t\t<div class=\"elementor-element elementor-element-45c1dc3 elementor-widget elementor-widget-text-editor\" data-id=\"45c1dc3\" data-element_type=\"widget\" data-widget_type=\"text-editor.default\">\n\t\t\t\t<div class=\"elementor-widget-container\">\n\t\t\t\t\t\t\t\t\t<p><span style=\"color: #000000;\">Etcheverry, S.; Romero, M., Torrelli, M. (2019).\u00a0Desaf\u00edos y medidas posibles para el desarrollo de las Cooperativas de Artistas en Uruguay en Procoop (2019)\u00a0<\/span><em><span style=\"color: #000000;\">De la Lupa al Telescopio. Una mirada centrada en algunos procesos de cooperaci\u00f3n y en las posibilidades de intercooperaci\u00f3n. (1), 4-28<\/span>.\u00a0<a href=\"https:\/\/www.inacoop.org.uy\/_files\/ugd\/356d79_4823151cbaa14f4dafa8cf47ca943581.pdf\" target=\"_blank\" rel=\"noopener\" data-saferedirecturl=\"https:\/\/www.google.com\/url?q=https:\/\/www.inacoop.org.uy\/_files\/ugd\/356d79_4823151cbaa14f4dafa8cf47ca943581.pdf&amp;source=gmail&amp;ust=1777408811628000&amp;usg=AOvVaw1FMs1SSA5MZeo3nD7HXzv2\">https:\/\/www.inacoop.org.<wbr \/>uy\/_files\/ugd\/356d79_<wbr \/>4823151cbaa14f4dafa8cf47ca9435<wbr \/>81.pdf<\/a><\/em><\/p><p><a href=\"https:\/\/acto.artes.udelar.edu.uy\/wp-content\/uploads\/2026\/04\/Procoop_documento_v14_baja-1.pdf\">Publicaci\u00f3n<\/a><\/p>\t\t\t\t\t\t\t\t<\/div>\n\t\t\t\t<\/div>\n\t\t\t\t\t<\/div>\n\t\t<\/div>\n\t\t\t\t\t<\/div>\n\t\t<\/section>\n\t\t\t\t<section class=\"elementor-section elementor-top-section elementor-element elementor-element-aecee66 elementor-section-boxed elementor-section-height-default elementor-section-height-default\" data-id=\"aecee66\" data-element_type=\"section\">\n\t\t\t\t\t\t<div class=\"elementor-container elementor-column-gap-default\">\n\t\t\t\t\t<div class=\"elementor-column elementor-col-50 elementor-top-column elementor-element elementor-element-35bb3c5\" data-id=\"35bb3c5\" data-element_type=\"column\">\n\t\t\t<div class=\"elementor-widget-wrap elementor-element-populated\">\n\t\t\t\t\t\t<div class=\"elementor-element elementor-element-55590c0 elementor-widget__width-initial elementor-widget elementor-widget-image\" data-id=\"55590c0\" data-element_type=\"widget\" data-widget_type=\"image.default\">\n\t\t\t\t<div class=\"elementor-widget-container\">\n\t\t\t\t\t\t\t\t\t\t\t\t\t\t\t<img loading=\"lazy\" decoding=\"async\" width=\"212\" height=\"300\" src=\"https:\/\/acto.artes.udelar.edu.uy\/wp-content\/uploads\/2026\/04\/Captura-de-pantalla-2026-04-27-a-las-5.51.07-p.-m-212x300.png\" class=\"attachment-medium size-medium wp-image-856\" alt=\"\" srcset=\"https:\/\/acto.artes.udelar.edu.uy\/wp-content\/uploads\/2026\/04\/Captura-de-pantalla-2026-04-27-a-las-5.51.07-p.-m-212x300.png 212w, https:\/\/acto.artes.udelar.edu.uy\/wp-content\/uploads\/2026\/04\/Captura-de-pantalla-2026-04-27-a-las-5.51.07-p.-m-722x1024.png 722w, https:\/\/acto.artes.udelar.edu.uy\/wp-content\/uploads\/2026\/04\/Captura-de-pantalla-2026-04-27-a-las-5.51.07-p.-m.png 732w\" sizes=\"(max-width: 212px) 100vw, 212px\" \/>\t\t\t\t\t\t\t\t\t\t\t\t\t\t\t<\/div>\n\t\t\t\t<\/div>\n\t\t\t\t\t<\/div>\n\t\t<\/div>\n\t\t\t\t<div class=\"elementor-column elementor-col-50 elementor-top-column elementor-element elementor-element-cff5c03\" data-id=\"cff5c03\" data-element_type=\"column\">\n\t\t\t<div class=\"elementor-widget-wrap elementor-element-populated\">\n\t\t\t\t\t\t<div class=\"elementor-element elementor-element-f8bdcbe elementor-widget elementor-widget-text-editor\" data-id=\"f8bdcbe\" data-element_type=\"widget\" data-widget_type=\"text-editor.default\">\n\t\t\t\t<div class=\"elementor-widget-container\">\n\t\t\t\t\t\t\t\t\t<p><span style=\"color: #000000;\">ETCHEVERRY, S.,<\/span> <span style=\"color: #000000;\">ROMERO, M., TORRELLI, M. (2019) \u00abDiez a\u00f1os de cooperativas de artistas en Uruguay: naturaleza, funcionamiento y perspectivas\u00bb. Revista IDELCOOP, 229, 119-145.<\/span>\u00a0<a href=\"https:\/\/hdl.handle.net\/20.500.12008\/44363\" target=\"_blank\" rel=\"noopener\" data-saferedirecturl=\"https:\/\/www.google.com\/url?q=https:\/\/hdl.handle.net\/20.500.12008\/44363&amp;source=gmail&amp;ust=1777408811628000&amp;usg=AOvVaw2oZfxsrpfgL1syBawTAfbz\">https:\/\/hdl.handle.<wbr \/>net\/20.500.12008\/44363<\/a><\/p><p><a href=\"https:\/\/acto.artes.udelar.edu.uy\/wp-content\/uploads\/2026\/04\/Melina-Romero-Etcheverry-S.-Torrelli-M.-Diez-anos-de.pdf\">Publicaci\u00f3n<\/a><\/p>\t\t\t\t\t\t\t\t<\/div>\n\t\t\t\t<\/div>\n\t\t\t\t\t<\/div>\n\t\t<\/div>\n\t\t\t\t\t<\/div>\n\t\t<\/section>\n\t\t\t\t<\/div>\n\t\t","protected":false},"excerpt":{"rendered":"<p>Publicaciones \u00abDebaixo do cal\u00e7amento, a aula! Arte, barrio y acci\u00f3n social\u00bb L\u00f3pez de la Torre, A.L. y Capra, C. (2024) \u201cDebaixo do cal\u00e7amento, a aula! Arte, barrio y acci\u00f3n social\u201d Dossi\u00ea Artes, Comunidades e Educa\u00e7\u00e3o. Revista da FUNDARTE, Montenegro, v.60, n\u00ba 60, p. 1-23, e1411. Publicaci\u00f3n Link a Revista 60 &#8212;&#8212;&#8212;&#8212;&#8212;&#8212;&#8212;&#8212;&#8212;&#8212;&#8212;&#8212;&#8212;&#8212;&#8212;&#8212;&#8212;&#8212;&#8212;&#8212;&#8212;&#8212;&#8212;&#8212;&#8212;&#8212;&#8212;&#8212;&#8212; \u00abDesarrollo cooperativo a partir [&hellip;]<\/p>\n","protected":false},"author":1,"featured_media":0,"parent":0,"menu_order":0,"comment_status":"closed","ping_status":"closed","template":"","meta":{"site-sidebar-layout":"no-sidebar","site-content-layout":"page-builder","ast-site-content-layout":"","site-content-style":"default","site-sidebar-style":"default","ast-global-header-display":"","ast-banner-title-visibility":"","ast-main-header-display":"","ast-hfb-above-header-display":"","ast-hfb-below-header-display":"","ast-hfb-mobile-header-display":"","site-post-title":"disabled","ast-breadcrumbs-content":"","ast-featured-img":"disabled","footer-sml-layout":"","theme-transparent-header-meta":"","adv-header-id-meta":"","stick-header-meta":"","header-above-stick-meta":"","header-main-stick-meta":"","header-below-stick-meta":"","astra-migrate-meta-layouts":"default","ast-page-background-enabled":"default","ast-page-background-meta":{"desktop":{"background-color":"var(--ast-global-color-4)","background-image":"","background-repeat":"repeat","background-position":"center center","background-size":"auto","background-attachment":"scroll","background-type":"","background-media":"","overlay-type":"","overlay-color":"","overlay-opacity":"","overlay-gradient":""},"tablet":{"background-color":"","background-image":"","background-repeat":"repeat","background-position":"center center","background-size":"auto","background-attachment":"scroll","background-type":"","background-media":"","overlay-type":"","overlay-color":"","overlay-opacity":"","overlay-gradient":""},"mobile":{"background-color":"","background-image":"","background-repeat":"repeat","background-position":"center center","background-size":"auto","background-attachment":"scroll","background-type":"","background-media":"","overlay-type":"","overlay-color":"","overlay-opacity":"","overlay-gradient":""}},"ast-content-background-meta":{"desktop":{"background-color":"var(--ast-global-color-5)","background-image":"","background-repeat":"repeat","background-position":"center center","background-size":"auto","background-attachment":"scroll","background-type":"","background-media":"","overlay-type":"","overlay-color":"","overlay-opacity":"","overlay-gradient":""},"tablet":{"background-color":"var(--ast-global-color-5)","background-image":"","background-repeat":"repeat","background-position":"center center","background-size":"auto","background-attachment":"scroll","background-type":"","background-media":"","overlay-type":"","overlay-color":"","overlay-opacity":"","overlay-gradient":""},"mobile":{"background-color":"var(--ast-global-color-5)","background-image":"","background-repeat":"repeat","background-position":"center center","background-size":"auto","background-attachment":"scroll","background-type":"","background-media":"","overlay-type":"","overlay-color":"","overlay-opacity":"","overlay-gradient":""}},"footnotes":""},"class_list":["post-189","page","type-page","status-publish","hentry"],"_links":{"self":[{"href":"https:\/\/acto.artes.udelar.edu.uy\/index.php\/wp-json\/wp\/v2\/pages\/189","targetHints":{"allow":["GET"]}}],"collection":[{"href":"https:\/\/acto.artes.udelar.edu.uy\/index.php\/wp-json\/wp\/v2\/pages"}],"about":[{"href":"https:\/\/acto.artes.udelar.edu.uy\/index.php\/wp-json\/wp\/v2\/types\/page"}],"author":[{"embeddable":true,"href":"https:\/\/acto.artes.udelar.edu.uy\/index.php\/wp-json\/wp\/v2\/users\/1"}],"replies":[{"embeddable":true,"href":"https:\/\/acto.artes.udelar.edu.uy\/index.php\/wp-json\/wp\/v2\/comments?post=189"}],"version-history":[{"count":64,"href":"https:\/\/acto.artes.udelar.edu.uy\/index.php\/wp-json\/wp\/v2\/pages\/189\/revisions"}],"predecessor-version":[{"id":863,"href":"https:\/\/acto.artes.udelar.edu.uy\/index.php\/wp-json\/wp\/v2\/pages\/189\/revisions\/863"}],"wp:attachment":[{"href":"https:\/\/acto.artes.udelar.edu.uy\/index.php\/wp-json\/wp\/v2\/media?parent=189"}],"curies":[{"name":"wp","href":"https:\/\/api.w.org\/{rel}","templated":true}]}}