{"id":92,"date":"2022-11-15T11:12:43","date_gmt":"2022-11-15T14:12:43","guid":{"rendered":"http:\/\/acto.artes.udelar.edu.uy\/?page_id=92"},"modified":"2026-04-27T17:41:34","modified_gmt":"2026-04-27T20:41:34","slug":"quienes-somos","status":"publish","type":"page","link":"https:\/\/acto.artes.udelar.edu.uy\/index.php\/quienes-somos\/","title":{"rendered":"\u00bfQui\u00e9nes somos?"},"content":{"rendered":"\t\t<div data-elementor-type=\"wp-page\" data-elementor-id=\"92\" class=\"elementor elementor-92\">\n\t\t\t\t\t\t<section class=\"elementor-section elementor-top-section elementor-element elementor-element-a4f00fe elementor-section-boxed elementor-section-height-default elementor-section-height-default\" data-id=\"a4f00fe\" data-element_type=\"section\">\n\t\t\t\t\t\t<div class=\"elementor-container elementor-column-gap-default\">\n\t\t\t\t\t<div class=\"elementor-column elementor-col-100 elementor-top-column elementor-element elementor-element-52bc4b3\" data-id=\"52bc4b3\" data-element_type=\"column\">\n\t\t\t<div class=\"elementor-widget-wrap elementor-element-populated\">\n\t\t\t\t\t\t<div class=\"elementor-element elementor-element-d08a011 elementor-widget elementor-widget-text-editor\" data-id=\"d08a011\" data-element_type=\"widget\" data-widget_type=\"text-editor.default\">\n\t\t\t\t<div class=\"elementor-widget-container\">\n\t\t\t\t\t\t\t\t\t<p>\u00a0<\/p><p><span style=\"color: #333300;\"><strong>ACTO es un grupo de investigaci\u00f3n interdisciplinario integrado por docentes, estudiantes y egresados de la Universidad de la Rep\u00fablica. Investigamos en contextos comunitarios de base territorial, con una aproximaci\u00f3n metodol\u00f3gica que combina la Investigaci\u00f3n Acci\u00f3n Participativa (IAP), la creaci\u00f3n art\u00edstica y la Investigaci\u00f3n Basada en Artes (IBA). Buscamos sistematizar, comprender y aportar al desarrollo de experiencias de cultura comunitaria, pr\u00e1cticas art\u00edsticas colaborativas y participativas, est\u00e9ticas de lo colectivo, y modelos de autogesti\u00f3n\/co-gesti\u00f3n de proyectos y organizaciones culturales.<\/strong><\/span><\/p>\t\t\t\t\t\t\t\t<\/div>\n\t\t\t\t<\/div>\n\t\t\t\t\t<\/div>\n\t\t<\/div>\n\t\t\t\t\t<\/div>\n\t\t<\/section>\n\t\t\t\t<section class=\"elementor-section elementor-top-section elementor-element elementor-element-a1ee0b6 elementor-section-boxed elementor-section-height-default elementor-section-height-default\" data-id=\"a1ee0b6\" data-element_type=\"section\">\n\t\t\t\t\t\t<div class=\"elementor-container elementor-column-gap-default\">\n\t\t\t\t\t<div class=\"elementor-column elementor-col-100 elementor-top-column elementor-element elementor-element-5c62ab5\" data-id=\"5c62ab5\" data-element_type=\"column\">\n\t\t\t<div class=\"elementor-widget-wrap elementor-element-populated\">\n\t\t\t\t\t\t<div class=\"elementor-element elementor-element-2e4db83 elementor-widget elementor-widget-heading\" data-id=\"2e4db83\" data-element_type=\"widget\" data-widget_type=\"heading.default\">\n\t\t\t\t<div class=\"elementor-widget-container\">\n\t\t\t\t\t<h2 class=\"elementor-heading-title elementor-size-default\">Integrantes<\/h2>\t\t\t\t<\/div>\n\t\t\t\t<\/div>\n\t\t\t\t\t<\/div>\n\t\t<\/div>\n\t\t\t\t\t<\/div>\n\t\t<\/section>\n\t\t\t\t<section class=\"elementor-section elementor-top-section elementor-element elementor-element-94ed009 elementor-section-boxed elementor-section-height-default elementor-section-height-default\" data-id=\"94ed009\" data-element_type=\"section\">\n\t\t\t\t\t\t<div class=\"elementor-container elementor-column-gap-default\">\n\t\t\t\t\t<div class=\"elementor-column elementor-col-100 elementor-top-column elementor-element elementor-element-8b96b67\" data-id=\"8b96b67\" data-element_type=\"column\">\n\t\t\t<div class=\"elementor-widget-wrap elementor-element-populated\">\n\t\t\t\t\t\t<div class=\"elementor-element elementor-element-03f1e2e elementor-widget elementor-widget-text-editor\" data-id=\"03f1e2e\" data-element_type=\"widget\" data-widget_type=\"text-editor.default\">\n\t\t\t\t<div class=\"elementor-widget-container\">\n\t\t\t\t\t\t\t\t\t<h5><span style=\"color: #b1400a;\">Ana Laura L\u00f3pez de la Torre<\/span><\/h5>\t\t\t\t\t\t\t\t<\/div>\n\t\t\t\t<\/div>\n\t\t\t\t<div class=\"elementor-element elementor-element-2536070 elementor-widget__width-initial elementor-widget elementor-widget-text-editor\" data-id=\"2536070\" data-element_type=\"widget\" data-widget_type=\"text-editor.default\">\n\t\t\t\t<div class=\"elementor-widget-container\">\n\t\t\t\t\t\t\t\t\t<p><img fetchpriority=\"high\" decoding=\"async\" class=\"alignnone size-medium wp-image-833 alignleft\" src=\"https:\/\/acto.artes.udelar.edu.uy\/wp-content\/uploads\/2026\/04\/ACTO_0000_WhatsApp-Image-2026-02-25-at-17.19-copy-300x300.jpg\" alt=\"\" width=\"300\" height=\"300\" srcset=\"https:\/\/acto.artes.udelar.edu.uy\/wp-content\/uploads\/2026\/04\/ACTO_0000_WhatsApp-Image-2026-02-25-at-17.19-copy-300x300.jpg 300w, https:\/\/acto.artes.udelar.edu.uy\/wp-content\/uploads\/2026\/04\/ACTO_0000_WhatsApp-Image-2026-02-25-at-17.19-copy-150x150.jpg 150w, https:\/\/acto.artes.udelar.edu.uy\/wp-content\/uploads\/2026\/04\/ACTO_0000_WhatsApp-Image-2026-02-25-at-17.19-copy-768x770.jpg 768w, https:\/\/acto.artes.udelar.edu.uy\/wp-content\/uploads\/2026\/04\/ACTO_0000_WhatsApp-Image-2026-02-25-at-17.19-copy.jpg 957w\" sizes=\"(max-width: 300px) 100vw, 300px\" \/><strong>Montevideo, Uruguay, 1969<\/strong><\/p><p><strong><br><\/strong><\/p>\n<p><strong>Master in Arts, Central St Martins School of Art &amp; Design (Londres)<\/strong><\/p>\n<p><strong>Profesora Titular G\u00ba5, Facultad de Artes, Universidad de la Rep\u00fablica<\/strong><\/p>\n<p><strong>Artista, docente, escritor\/a, investigador\/a, gestor\/a cultural<\/strong><\/p><p><strong><br><\/strong><\/p>\n<p>Su producci\u00f3n como artista, educadora e investigadora se inscribe dentro del campo de las pr\u00e1cticas art\u00edsticas de orientaci\u00f3n social. Su trabajo busca aportar nuevos datos e interpretaciones sobre la historia, desarrollo, aspectos conceptuales y metodol\u00f3gicos de la pr\u00e1ctica art\u00edstica radicada en contextos comunitarios y barriales, en tres ejes:<br>1) La artista como vecina: Sistematizaci\u00f3n y teorizaci\u00f3n de pr\u00e1cticas art\u00edsticas de base barrial que responden prioritariamente a la vida cotidiana, las necesidades e intereses locales. Dentro de esta l\u00ednea, ha desarrollado pr\u00e1cticas art\u00edsticas y pedag\u00f3gicas en territorio e investigado la obra de artistas populares como Benito Quinquela Martin (La Boca), Guillermo Vitale (Villa del Cerro) y Mario Benabbi (Pueblo Victoria).<br>2) Pr\u00e1cticas art\u00edsticas de orientaci\u00f3n social en Am\u00e9rica Latina: Esta l\u00ednea de investigaci\u00f3n busca relevar y visibilizar espec\u00edficamente los aportes al campo del arte participativo y colaborativo desde nuestra regi\u00f3n.<br>3) Democracia cultural y cultura comunitaria. Desde la d\u00e9cada de los 1970, el paradigma de la democracia cultural ha desarrollado en el seno de los movimientos sociales y las artes comunitarias. En Am\u00e9rica Latina, la praxis de la democracia cultural aparece conceptualizada en relaci\u00f3n a t\u00e9rminos como \u201cparticipaci\u00f3n\u201d o \u201clo com\u00fan\u201d. Entender c\u00f3mo estas ideas y pr\u00e1cticas surgen y se desarrollan hist\u00f3ricamente en nuestro continente, permite integrarlas en discusiones internacionales sobre pol\u00edticas culturales<\/p>\t\t\t\t\t\t\t\t<\/div>\n\t\t\t\t<\/div>\n\t\t\t\t<div class=\"elementor-element elementor-element-8d2ae88 elementor-widget elementor-widget-text-editor\" data-id=\"8d2ae88\" data-element_type=\"widget\" data-widget_type=\"text-editor.default\">\n\t\t\t\t<div class=\"elementor-widget-container\">\n\t\t\t\t\t\t\t\t\t<p>&#8212;&#8212;&#8212;&#8212;&#8212;&#8212;&#8212;&#8212;&#8212;&#8212;&#8212;&#8212;&#8212;&#8212;&#8212;&#8212;&#8212;&#8212;&#8212;&#8212;&#8212;&#8212;<\/p>\t\t\t\t\t\t\t\t<\/div>\n\t\t\t\t<\/div>\n\t\t\t\t\t<\/div>\n\t\t<\/div>\n\t\t\t\t\t<\/div>\n\t\t<\/section>\n\t\t\t\t<section class=\"elementor-section elementor-top-section elementor-element elementor-element-540776e elementor-section-boxed elementor-section-height-default elementor-section-height-default\" data-id=\"540776e\" data-element_type=\"section\">\n\t\t\t\t\t\t<div class=\"elementor-container elementor-column-gap-default\">\n\t\t\t\t\t<div class=\"elementor-column elementor-col-100 elementor-top-column elementor-element elementor-element-cf039f4\" data-id=\"cf039f4\" data-element_type=\"column\">\n\t\t\t<div class=\"elementor-widget-wrap elementor-element-populated\">\n\t\t\t\t\t\t<div class=\"elementor-element elementor-element-5e1fe80 elementor-widget elementor-widget-text-editor\" data-id=\"5e1fe80\" data-element_type=\"widget\" data-widget_type=\"text-editor.default\">\n\t\t\t\t<div class=\"elementor-widget-container\">\n\t\t\t\t\t\t\t\t\t<h5><span style=\"color: #b1400a;\">Luc\u00eda Segalerba Vanni<\/span><\/h5>\t\t\t\t\t\t\t\t<\/div>\n\t\t\t\t<\/div>\n\t\t\t\t<div class=\"elementor-element elementor-element-6e6c63d elementor-widget__width-initial elementor-widget elementor-widget-text-editor\" data-id=\"6e6c63d\" data-element_type=\"widget\" data-widget_type=\"text-editor.default\">\n\t\t\t\t<div class=\"elementor-widget-container\">\n\t\t\t\t\t\t\t\t\t<p style=\"font-size: 1px; font-style: normal; font-weight: 400; margin-bottom: 0px;\"><span style=\"color: #313131;\"><span style=\"font-size: 15px;\"><img decoding=\"async\" class=\"size-medium wp-image-715 alignleft\" src=\"https:\/\/acto.artes.udelar.edu.uy\/wp-content\/uploads\/2026\/03\/ACTO_0001_WhatsApp-Image-2026-02-24-at-10.54.46-300x300.jpg\" alt=\"\" width=\"300\" height=\"300\" srcset=\"https:\/\/acto.artes.udelar.edu.uy\/wp-content\/uploads\/2026\/03\/ACTO_0001_WhatsApp-Image-2026-02-24-at-10.54.46-300x300.jpg 300w, https:\/\/acto.artes.udelar.edu.uy\/wp-content\/uploads\/2026\/03\/ACTO_0001_WhatsApp-Image-2026-02-24-at-10.54.46-150x150.jpg 150w, https:\/\/acto.artes.udelar.edu.uy\/wp-content\/uploads\/2026\/03\/ACTO_0001_WhatsApp-Image-2026-02-24-at-10.54.46-768x770.jpg 768w, https:\/\/acto.artes.udelar.edu.uy\/wp-content\/uploads\/2026\/03\/ACTO_0001_WhatsApp-Image-2026-02-24-at-10.54.46.jpg 957w\" sizes=\"(max-width: 300px) 100vw, 300px\" \/><strong>Montevideo, Uruguay, 1990<\/strong><\/span><\/span><\/p><p style=\"margin-bottom: 0px;\"><strong><span style=\"color: #313131;\">Doctoranda en Arquitectura y Urbanismo\u00a0<\/span><\/strong><\/p><p style=\"margin-bottom: 0px;\"><strong><span style=\"color: #313131;\">Profesora adjunta G3, Facultad de Artes<\/span><\/strong><\/p><p style=\"margin-bottom: 0px;\"><strong><span style=\"color: #313131;\">Docente, arquitecta<\/span><\/strong><\/p><p style=\"margin-bottom: 0px;\"><span style=\"color: #313131;\">\u00a0<\/span><\/p><p><span style=\"color: #313131;\">Mi l\u00ednea de investigaci\u00f3n se centra en el arte y el urbanismo como agentes de transformaci\u00f3n.<\/span><\/p><p><span style=\"color: #313131;\">Actualmente curso el Doctorado en Arquitectura en la Facultad de Arquitectura, Dise\u00f1o y Urbanismo (FADU) de la Universidad de la Rep\u00fablica (Udelar). Me interesa profundizar en el v\u00ednculo entre el arte, el urbanismo y la creaci\u00f3n de ciudad.<\/span><\/p><p><span style=\"color: #313131; font-style: inherit; font-weight: inherit;\">Motivada por el trabajo que venimos desarrollando en el Taller L\u00f3pez de la Torre y por mi experiencia en el barrio Maracan\u00e1, donde participo en la direcci\u00f3n de obra del Sistema P\u00fablico de Vivienda del MVOT, me propongo investigar las diversas formas de hacer ciudad desde el arte. Busco aportar respuestas creativas a la complejidad urbana, en un entorno que plantea el desaf\u00edo de construir nuevas l\u00f3gicas de convivencia, nuevas formas de habitar el espacio p\u00fablico y de vincularnos, como oportunidad para fortalecer la ciudadan\u00eda<\/span><\/p>\t\t\t\t\t\t\t\t<\/div>\n\t\t\t\t<\/div>\n\t\t\t\t<div class=\"elementor-element elementor-element-2d62c95 elementor-widget elementor-widget-text-editor\" data-id=\"2d62c95\" data-element_type=\"widget\" data-widget_type=\"text-editor.default\">\n\t\t\t\t<div class=\"elementor-widget-container\">\n\t\t\t\t\t\t\t\t\t<p><span style=\"color: #a03603;\">&#8212;&#8212;&#8212;&#8212;&#8212;&#8212;&#8212;&#8212;&#8212;&#8212;&#8212;&#8212;&#8212;&#8212;&#8212;&#8212;&#8212;&#8212;&#8212;&#8212;&#8212;&#8212;<\/span><\/p>\t\t\t\t\t\t\t\t<\/div>\n\t\t\t\t<\/div>\n\t\t\t\t\t<\/div>\n\t\t<\/div>\n\t\t\t\t\t<\/div>\n\t\t<\/section>\n\t\t\t\t<section class=\"elementor-section elementor-top-section elementor-element elementor-element-71802ba elementor-section-boxed elementor-section-height-default elementor-section-height-default\" data-id=\"71802ba\" data-element_type=\"section\">\n\t\t\t\t\t\t<div class=\"elementor-container elementor-column-gap-default\">\n\t\t\t\t\t<div class=\"elementor-column elementor-col-100 elementor-top-column elementor-element elementor-element-fe87e50\" data-id=\"fe87e50\" data-element_type=\"column\">\n\t\t\t<div class=\"elementor-widget-wrap elementor-element-populated\">\n\t\t\t\t\t\t<div class=\"elementor-element elementor-element-9992dba elementor-widget elementor-widget-text-editor\" data-id=\"9992dba\" data-element_type=\"widget\" data-widget_type=\"text-editor.default\">\n\t\t\t\t<div class=\"elementor-widget-container\">\n\t\t\t\t\t\t\t\t\t<h5><span style=\"color: #b1400a;\">Mar\u00eda Sof\u00eda O\u00f1a Gravier<\/span><\/h5>\t\t\t\t\t\t\t\t<\/div>\n\t\t\t\t<\/div>\n\t\t\t\t<div class=\"elementor-element elementor-element-3d78dfa elementor-widget elementor-widget-text-editor\" data-id=\"3d78dfa\" data-element_type=\"widget\" data-widget_type=\"text-editor.default\">\n\t\t\t\t<div class=\"elementor-widget-container\">\n\t\t\t\t\t\t\t\t\t<p><img decoding=\"async\" class=\"size-medium wp-image-716 alignleft\" src=\"https:\/\/acto.artes.udelar.edu.uy\/wp-content\/uploads\/2026\/03\/ACTO_0002__DSC0416-300x300.jpg\" alt=\"\" width=\"300\" height=\"300\" srcset=\"https:\/\/acto.artes.udelar.edu.uy\/wp-content\/uploads\/2026\/03\/ACTO_0002__DSC0416-300x300.jpg 300w, https:\/\/acto.artes.udelar.edu.uy\/wp-content\/uploads\/2026\/03\/ACTO_0002__DSC0416-150x150.jpg 150w, https:\/\/acto.artes.udelar.edu.uy\/wp-content\/uploads\/2026\/03\/ACTO_0002__DSC0416-768x770.jpg 768w, https:\/\/acto.artes.udelar.edu.uy\/wp-content\/uploads\/2026\/03\/ACTO_0002__DSC0416.jpg 957w\" sizes=\"(max-width: 300px) 100vw, 300px\" \/>\u00a0<\/p><p style=\"text-align: left;\"><strong><span style=\"color: #313131;\">Montevideo, Uruguay, 1990<\/span><\/strong><\/p><p><strong><span style=\"color: #313131; font-style: inherit;\">Maestranda y Especialista en Patrimonio documental: Historia y Gesti\u00f3n<\/span><\/strong><\/p><p><strong><span style=\"color: #313131;\">Docente G1 Facultad de Artes; Coordinadora colecciones fotogr\u00e1ficas ANIP-SODRE<\/span><\/strong><\/p><p><strong><span style=\"color: #313131;\">Docente, investigadora<\/span><\/strong><\/p><p><span style=\"color: #313131;\">\u00a0<\/span><\/p><p><span style=\"color: #313131;\">Investigo archivos y centros de documentaci\u00f3n vinculados a experiencias comunitarias, colaborativas y autogestivas, con inter\u00e9s en los procesos de patrimonializaci\u00f3n y en c\u00f3mo se construyen, preservan y activan memorias compartidas. Me enfoco especialmente en los archivos de artistas y su relaci\u00f3n con el patrimonio desde lo cotidiano y lo afectivo.<\/span><\/p><p><span style=\"color: #313131;\">\u00a0<\/span><\/p><p><span style=\"color: #313131;\">\u00a0<\/span><\/p><p><span style=\"color: #313131;\">\u00a0<\/span><\/p>\t\t\t\t\t\t\t\t<\/div>\n\t\t\t\t<\/div>\n\t\t\t\t\t<\/div>\n\t\t<\/div>\n\t\t\t\t\t<\/div>\n\t\t<\/section>\n\t\t\t\t<section class=\"elementor-section elementor-top-section elementor-element elementor-element-317d134 elementor-section-boxed elementor-section-height-default elementor-section-height-default\" data-id=\"317d134\" data-element_type=\"section\">\n\t\t\t\t\t\t<div class=\"elementor-container elementor-column-gap-default\">\n\t\t\t\t\t<div class=\"elementor-column elementor-col-100 elementor-top-column elementor-element elementor-element-192cdba\" data-id=\"192cdba\" data-element_type=\"column\">\n\t\t\t<div class=\"elementor-widget-wrap elementor-element-populated\">\n\t\t\t\t\t\t<div class=\"elementor-element elementor-element-a25da72 elementor-widget__width-initial elementor-widget elementor-widget-text-editor\" data-id=\"a25da72\" data-element_type=\"widget\" data-widget_type=\"text-editor.default\">\n\t\t\t\t<div class=\"elementor-widget-container\">\n\t\t\t\t\t\t\t\t\t<p><span style=\"color: #a03603;\">&#8212;&#8212;&#8212;&#8212;&#8212;&#8212;&#8212;&#8212;&#8212;&#8212;&#8212;&#8212;&#8212;&#8212;&#8212;&#8212;&#8212;&#8212;&#8212;&#8212;&#8212;&#8212;<\/span><\/p>\t\t\t\t\t\t\t\t<\/div>\n\t\t\t\t<\/div>\n\t\t\t\t<div class=\"elementor-element elementor-element-5d67b86 elementor-widget elementor-widget-text-editor\" data-id=\"5d67b86\" data-element_type=\"widget\" data-widget_type=\"text-editor.default\">\n\t\t\t\t<div class=\"elementor-widget-container\">\n\t\t\t\t\t\t\t\t\t<h5><span style=\"color: #993300;\">Melina Romero<\/span><\/h5>\t\t\t\t\t\t\t\t<\/div>\n\t\t\t\t<\/div>\n\t\t\t\t<div class=\"elementor-element elementor-element-9dbea12 elementor-widget elementor-widget-text-editor\" data-id=\"9dbea12\" data-element_type=\"widget\" data-widget_type=\"text-editor.default\">\n\t\t\t\t<div class=\"elementor-widget-container\">\n\t\t\t\t\t\t\t\t\t<p><img loading=\"lazy\" decoding=\"async\" class=\"size-medium wp-image-759 alignleft\" src=\"https:\/\/acto.artes.udelar.edu.uy\/wp-content\/uploads\/2026\/03\/melina-copy-300x300.jpg\" alt=\"\" width=\"300\" height=\"300\" srcset=\"https:\/\/acto.artes.udelar.edu.uy\/wp-content\/uploads\/2026\/03\/melina-copy-300x300.jpg 300w, https:\/\/acto.artes.udelar.edu.uy\/wp-content\/uploads\/2026\/03\/melina-copy-150x150.jpg 150w, https:\/\/acto.artes.udelar.edu.uy\/wp-content\/uploads\/2026\/03\/melina-copy-768x770.jpg 768w, https:\/\/acto.artes.udelar.edu.uy\/wp-content\/uploads\/2026\/03\/melina-copy.jpg 957w\" sizes=\"(max-width: 300px) 100vw, 300px\" \/><\/p><p><strong>Montevideo, Uruguay, 1976<\/strong><\/p><p>\u00a0<\/p><p><strong>Doctoranda en Ciencias de la Administraci\u00f3n<\/strong><\/p><p><strong>M\u00e1ster en Gesti\u00f3n Cultural &#8211; Universidad de Alcal\u00e1, Espa\u00f1a<\/strong><\/p><p><strong>Profesora Titular G\u00ba5 Facultad de Ciencias Econ\u00f3micas y de Administraci\u00f3n, Universidad de la Rep\u00fablica<\/strong><\/p><p><strong><span style=\"font-style: inherit;\">Docente, investigador\/a<\/span><\/strong><\/p><p><span style=\"font-style: inherit; font-weight: inherit;\">\u00a0<\/span><\/p><p><span data-sheets-root=\"1\">Me interesa poder aportar conocimiento nuevo y una mirada desde la administraci\u00f3n a sectores de la econom\u00eda que no son los tradicionales, como el sector de la econom\u00eda social y solidaria, cuyas l\u00f3gicas de funcionamiento desaf\u00edan los marcos te\u00f3ricos cl\u00e1sicos.<br \/>Trabajo en el estudio de diferentes temas vinculados a la gesti\u00f3n colectiva, particularmente de las cooperativas de trabajo, tanto las convencionales como las sociales y art\u00edsticas, as\u00ed como de gesti\u00f3n cultural comunitaria articulando la mediaci\u00f3n art\u00edstica con la autogesti\u00f3n y la econom\u00eda feminista.<\/span><\/p>\t\t\t\t\t\t\t\t<\/div>\n\t\t\t\t<\/div>\n\t\t\t\t<div class=\"elementor-element elementor-element-416436f elementor-widget elementor-widget-text-editor\" data-id=\"416436f\" data-element_type=\"widget\" data-widget_type=\"text-editor.default\">\n\t\t\t\t<div class=\"elementor-widget-container\">\n\t\t\t\t\t\t\t\t\t<p>&#8212;&#8212;&#8212;&#8212;&#8212;&#8212;&#8212;&#8212;&#8212;&#8212;&#8212;&#8212;&#8212;&#8212;&#8212;&#8212;&#8212;&#8212;&#8212;&#8212;&#8212;&#8212;<\/p>\t\t\t\t\t\t\t\t<\/div>\n\t\t\t\t<\/div>\n\t\t\t\t\t<\/div>\n\t\t<\/div>\n\t\t\t\t\t<\/div>\n\t\t<\/section>\n\t\t\t\t<section class=\"elementor-section elementor-top-section elementor-element elementor-element-591291a elementor-section-boxed elementor-section-height-default elementor-section-height-default\" data-id=\"591291a\" data-element_type=\"section\">\n\t\t\t\t\t\t<div class=\"elementor-container elementor-column-gap-default\">\n\t\t\t\t\t<div class=\"elementor-column elementor-col-100 elementor-top-column elementor-element elementor-element-556b7f7\" data-id=\"556b7f7\" data-element_type=\"column\">\n\t\t\t<div class=\"elementor-widget-wrap elementor-element-populated\">\n\t\t\t\t\t\t<div class=\"elementor-element elementor-element-992a88d elementor-widget elementor-widget-text-editor\" data-id=\"992a88d\" data-element_type=\"widget\" data-widget_type=\"text-editor.default\">\n\t\t\t\t<div class=\"elementor-widget-container\">\n\t\t\t\t\t\t\t\t\t<h5><span style=\"color: #b1400a; font-size: 19px;\">Patricia Iribarne<\/span><\/h5>\t\t\t\t\t\t\t\t<\/div>\n\t\t\t\t<\/div>\n\t\t\t\t<div class=\"elementor-element elementor-element-ba9353f elementor-widget elementor-widget-text-editor\" data-id=\"ba9353f\" data-element_type=\"widget\" data-widget_type=\"text-editor.default\">\n\t\t\t\t<div class=\"elementor-widget-container\">\n\t\t\t\t\t\t\t\t\t<p style=\"font-size: 15px; font-style: normal; font-weight: 400; margin-bottom: 0px; color: #313131;\"><img loading=\"lazy\" decoding=\"async\" class=\"size-medium wp-image-718 alignleft\" src=\"https:\/\/acto.artes.udelar.edu.uy\/wp-content\/uploads\/2026\/03\/ACTO_0004_WhatsApp-Image-2026-02-23-at-19.05.04-300x300.jpg\" alt=\"\" width=\"300\" height=\"300\" srcset=\"https:\/\/acto.artes.udelar.edu.uy\/wp-content\/uploads\/2026\/03\/ACTO_0004_WhatsApp-Image-2026-02-23-at-19.05.04-300x300.jpg 300w, https:\/\/acto.artes.udelar.edu.uy\/wp-content\/uploads\/2026\/03\/ACTO_0004_WhatsApp-Image-2026-02-23-at-19.05.04-150x150.jpg 150w, https:\/\/acto.artes.udelar.edu.uy\/wp-content\/uploads\/2026\/03\/ACTO_0004_WhatsApp-Image-2026-02-23-at-19.05.04-768x770.jpg 768w, https:\/\/acto.artes.udelar.edu.uy\/wp-content\/uploads\/2026\/03\/ACTO_0004_WhatsApp-Image-2026-02-23-at-19.05.04.jpg 957w\" sizes=\"(max-width: 300px) 100vw, 300px\" \/><strong>Montevideo, Uruguay, 1975<\/strong><\/p><p style=\"margin-bottom: 0px;\"><strong><span style=\"color: #313131;\">Licenciada en Biolog\u00eda Humana; mag\u00edster en Ciencias Ambientales; Doctoranda en Estudios Territoriales<\/span><\/strong><\/p><p style=\"margin-bottom: 0px;\"><strong><span style=\"color: #313131;\">Asistente de Unidad de Extensi\u00f3n, Facultad de Ciencias<\/span><\/strong><\/p><p style=\"margin-bottom: 0px;\"><strong><span style=\"color: #313131;\">Docente<\/span><\/strong><\/p><p style=\"margin-bottom: 0px;\"><span data-sheets-root=\"1\"><span style=\"color: #313131;\">\u00a0<\/span><\/span><\/p><p style=\"margin-bottom: 0px;\"><span data-sheets-root=\"1\"><span style=\"color: #313131;\">El escenario de la complejidad impone el dise\u00f1o de nuevas estrategias de producci\u00f3n de conocimiento, de procesos para la comprensi\u00f3n de problemas as\u00ed como de abordajes situados implicando a diversos grupos de actores. Estas ideas se expresan en las estructuras universitarias, en la forma de resoluci\u00f3n de problemas as\u00ed como en el di\u00e1logo entre las ciencias, las artes, las humanidades y los saberes populares. Una de las tendencias observadas a nivel del continente es la implementaci\u00f3n de procesos orientados por el modelo de la extensi\u00f3n cr\u00edtica, que retoma y articula elementos de la tradici\u00f3n pedag\u00f3gica de la educaci\u00f3n popular latinoamericana y de la investigaci\u00f3n acci\u00f3n participativa. Este proceso ha dado origen a una amplia heterogeneidad con relaci\u00f3n a las formas en la que las universidades se territorializan y se vinculan con el resto de la sociedad. Tambi\u00e9n plantea la necesidad de comprender la naturaleza \u00e9tica, pol\u00edtica, epistemol\u00f3gica y pedag\u00f3gica de la relaci\u00f3n universidad \u2013 territorios, as\u00ed como brindar herramientas para la construcci\u00f3n de procesos bajo miradas cr\u00edticas. En este contexto, se configuran algunas interrogantes sobre los v\u00ednculos que se establecen que resulta importante explorar: \u00bfQu\u00e9 pol\u00edticas han impulsado los procesos de teritorializaci\u00f3n? \u00bfQu\u00e9 objetivos y prop\u00f3sitos gu\u00edan las acciones de la Universidad en los territorios? \u00bfC\u00f3mo se desarrollan esas acciones (perspectivas, estrategias y dise\u00f1os metodol\u00f3gicos)? \u00bfQui\u00e9nes impulsan las acciones? \u00bfPara qui\u00e9nes son desarrolladas? \u00bfPor qu\u00e9 se desarrollan (naturaleza pedag\u00f3gica, \u00e9tica, pol\u00edtica y epistemol\u00f3gica)? \u00bfCon qui\u00e9nes se dise\u00f1an y desarrollan (actores y organizaciones sociales con los cuales se prioriza la acci\u00f3n, la cual es situada y colectiva)? \u00bfC\u00f3mo y con qui\u00e9nes construir esta relaci\u00f3n hacia el futuro?\u00a0<\/span><\/span><\/p>\t\t\t\t\t\t\t\t<\/div>\n\t\t\t\t<\/div>\n\t\t\t\t<div class=\"elementor-element elementor-element-e56697a elementor-widget elementor-widget-text-editor\" data-id=\"e56697a\" data-element_type=\"widget\" data-widget_type=\"text-editor.default\">\n\t\t\t\t<div class=\"elementor-widget-container\">\n\t\t\t\t\t\t\t\t\t<p><span style=\"color: #a03603;\">&#8212;&#8212;&#8212;&#8212;&#8212;&#8212;&#8212;&#8212;&#8212;&#8212;&#8212;&#8212;&#8212;&#8212;&#8212;&#8212;&#8212;&#8212;&#8212;&#8212;&#8212;&#8212;<\/span><\/p>\t\t\t\t\t\t\t\t<\/div>\n\t\t\t\t<\/div>\n\t\t\t\t\t<\/div>\n\t\t<\/div>\n\t\t\t\t\t<\/div>\n\t\t<\/section>\n\t\t\t\t<section class=\"elementor-section elementor-top-section elementor-element elementor-element-83debc5 elementor-section-boxed elementor-section-height-default elementor-section-height-default\" data-id=\"83debc5\" data-element_type=\"section\">\n\t\t\t\t\t\t<div class=\"elementor-container elementor-column-gap-default\">\n\t\t\t\t\t<div class=\"elementor-column elementor-col-100 elementor-top-column elementor-element elementor-element-c59ca42\" data-id=\"c59ca42\" data-element_type=\"column\">\n\t\t\t<div class=\"elementor-widget-wrap elementor-element-populated\">\n\t\t\t\t\t\t<div class=\"elementor-element elementor-element-6852d71 elementor-widget elementor-widget-text-editor\" data-id=\"6852d71\" data-element_type=\"widget\" data-widget_type=\"text-editor.default\">\n\t\t\t\t<div class=\"elementor-widget-container\">\n\t\t\t\t\t\t\t\t\t<h5><span style=\"color: #b1400a; font-size: 19px;\">Paula Simonetti<\/span><\/h5>\t\t\t\t\t\t\t\t<\/div>\n\t\t\t\t<\/div>\n\t\t\t\t<div class=\"elementor-element elementor-element-393c3d4 elementor-widget elementor-widget-text-editor\" data-id=\"393c3d4\" data-element_type=\"widget\" data-widget_type=\"text-editor.default\">\n\t\t\t\t<div class=\"elementor-widget-container\">\n\t\t\t\t\t\t\t\t\t<p><img loading=\"lazy\" decoding=\"async\" class=\"size-medium wp-image-714 alignleft\" src=\"https:\/\/acto.artes.udelar.edu.uy\/wp-content\/uploads\/2026\/03\/ACTO_0000_WhatsApp-Image-2026-02-25-at-17.19.13-300x300.jpg\" alt=\"\" width=\"300\" height=\"300\" srcset=\"https:\/\/acto.artes.udelar.edu.uy\/wp-content\/uploads\/2026\/03\/ACTO_0000_WhatsApp-Image-2026-02-25-at-17.19.13-300x300.jpg 300w, https:\/\/acto.artes.udelar.edu.uy\/wp-content\/uploads\/2026\/03\/ACTO_0000_WhatsApp-Image-2026-02-25-at-17.19.13-150x150.jpg 150w, https:\/\/acto.artes.udelar.edu.uy\/wp-content\/uploads\/2026\/03\/ACTO_0000_WhatsApp-Image-2026-02-25-at-17.19.13-768x770.jpg 768w, https:\/\/acto.artes.udelar.edu.uy\/wp-content\/uploads\/2026\/03\/ACTO_0000_WhatsApp-Image-2026-02-25-at-17.19.13.jpg 957w\" sizes=\"(max-width: 300px) 100vw, 300px\" \/><strong>Montevideo, Uruguay, 1989<\/strong><\/p><p><strong>Docente, escritor\/a, investigador\/a<\/strong><\/p><p><span data-sheets-root=\"1\">\u00a0<\/span><\/p><p><span data-sheets-root=\"1\">Intereses: sociolog\u00eda de la cultura y las artes, arte y cultura en contextos barriales, culturas populares y masivas, trabajo cultural, pol\u00edticas socioculturales. Mis l\u00edneas de investigaci\u00f3n actuales se relacionan con las condiciones de trabajo en el sector cultural (audiovisual, carnaval, literatura, pol\u00edticas socio-culturales, teatro)<\/span><\/p>\t\t\t\t\t\t\t\t<\/div>\n\t\t\t\t<\/div>\n\t\t\t\t<div class=\"elementor-element elementor-element-1eb8fdb elementor-widget elementor-widget-text-editor\" data-id=\"1eb8fdb\" data-element_type=\"widget\" data-widget_type=\"text-editor.default\">\n\t\t\t\t<div class=\"elementor-widget-container\">\n\t\t\t\t\t\t\t\t\t<p><span style=\"color: #a03603;\">&#8212;&#8212;&#8212;&#8212;&#8212;&#8212;&#8212;&#8212;&#8212;&#8212;&#8212;&#8212;&#8212;&#8212;&#8212;&#8212;&#8212;&#8212;&#8212;&#8212;&#8212;&#8212;<\/span><\/p>\t\t\t\t\t\t\t\t<\/div>\n\t\t\t\t<\/div>\n\t\t\t\t\t<\/div>\n\t\t<\/div>\n\t\t\t\t\t<\/div>\n\t\t<\/section>\n\t\t\t\t<section class=\"elementor-section elementor-top-section elementor-element elementor-element-561d550 elementor-section-boxed elementor-section-height-default elementor-section-height-default\" data-id=\"561d550\" data-element_type=\"section\">\n\t\t\t\t\t\t<div class=\"elementor-container elementor-column-gap-default\">\n\t\t\t\t\t<div class=\"elementor-column elementor-col-100 elementor-top-column elementor-element elementor-element-0e0b434\" data-id=\"0e0b434\" data-element_type=\"column\">\n\t\t\t<div class=\"elementor-widget-wrap elementor-element-populated\">\n\t\t\t\t\t\t<div class=\"elementor-element elementor-element-7acbb35 elementor-widget elementor-widget-text-editor\" data-id=\"7acbb35\" data-element_type=\"widget\" data-widget_type=\"text-editor.default\">\n\t\t\t\t<div class=\"elementor-widget-container\">\n\t\t\t\t\t\t\t\t\t<p><span style=\"color: #b1400a; font-size: 19px;\">Pilar Gonz\u00e1lez<\/span><\/p>\t\t\t\t\t\t\t\t<\/div>\n\t\t\t\t<\/div>\n\t\t\t\t<div class=\"elementor-element elementor-element-acd3854 elementor-widget elementor-widget-text-editor\" data-id=\"acd3854\" data-element_type=\"widget\" data-widget_type=\"text-editor.default\">\n\t\t\t\t<div class=\"elementor-widget-container\">\n\t\t\t\t\t\t\t\t\t<p style=\"margin-bottom: 0px;\"><font color=\"#313131\"><span style=\"font-size: 15px;\">Rivera, Uruguay, 1991<\/span><\/font><\/p>\n<p style=\"margin-bottom: 0px;\"><font color=\"#313131\"><span style=\"font-size: 15px;\">Licenciada en Artes Pl\u00e1sticas y Visuales<\/span><\/font><\/p>\n<p style=\"margin-bottom: 0px;\"><font color=\"#313131\"><span style=\"font-size: 15px;\">Ayudante G1 Taller L\u00f3pez de la Torre- Facultad de Artes<\/span><\/font><\/p>\n<p style=\"font-size: 15px; font-style: normal; font-weight: 400; margin-bottom: 0px;\"><span style=\"color: #313131;\">Artista, docente<\/span><\/p>\n<p style=\"font-size: 15px; font-style: normal; font-weight: 400; margin-bottom: 0px;\"><span style=\"color: #313131;\"><br><\/span><\/p>\n<p style=\"margin-bottom: 0px;\"><font color=\"#313131\"><span style=\"font-size: 15px;\">Mis intereses se centran en las pr\u00e1cticas art\u00edsticas colectivas y sus v\u00ednculos con formas de organizaci\u00f3n social. Particularmente, me interesa investigar colectivos art\u00edsticos en contextos de crisis y transformaci\u00f3n social, as\u00ed como los modos en que se configuran autor\u00edas, v\u00ednculos y territorialidades en estos procesos. Desde mi experiencia en proyectos de extensi\u00f3n universitaria, he trabajado en la conformaci\u00f3n de una grupalidad art\u00edstica con ni\u00f1os y adolescentes en el barrio Pueblo Victoria, donde el arte funcion\u00f3 como herramienta de encuentro y producci\u00f3n colectiva.<\/span><\/font><\/p>\t\t\t\t\t\t\t\t<\/div>\n\t\t\t\t<\/div>\n\t\t\t\t<div class=\"elementor-element elementor-element-a42ad9c elementor-widget elementor-widget-text-editor\" data-id=\"a42ad9c\" data-element_type=\"widget\" data-widget_type=\"text-editor.default\">\n\t\t\t\t<div class=\"elementor-widget-container\">\n\t\t\t\t\t\t\t\t\t<p><span style=\"color: #a03603;\">&#8212;&#8212;&#8212;&#8212;&#8212;&#8212;&#8212;&#8212;&#8212;&#8212;&#8212;&#8212;&#8212;&#8212;&#8212;&#8212;&#8212;&#8212;&#8212;&#8212;&#8212;&#8212;<\/span><\/p>\t\t\t\t\t\t\t\t<\/div>\n\t\t\t\t<\/div>\n\t\t\t\t\t<\/div>\n\t\t<\/div>\n\t\t\t\t\t<\/div>\n\t\t<\/section>\n\t\t\t\t<section class=\"elementor-section elementor-top-section elementor-element elementor-element-ff50dd3 elementor-section-boxed elementor-section-height-default elementor-section-height-default\" data-id=\"ff50dd3\" data-element_type=\"section\">\n\t\t\t\t\t\t<div class=\"elementor-container elementor-column-gap-default\">\n\t\t\t\t\t<div class=\"elementor-column elementor-col-100 elementor-top-column elementor-element elementor-element-5927100\" data-id=\"5927100\" data-element_type=\"column\">\n\t\t\t<div class=\"elementor-widget-wrap elementor-element-populated\">\n\t\t\t\t\t\t<div class=\"elementor-element elementor-element-b0a8cfa elementor-widget elementor-widget-text-editor\" data-id=\"b0a8cfa\" data-element_type=\"widget\" data-widget_type=\"text-editor.default\">\n\t\t\t\t<div class=\"elementor-widget-container\">\n\t\t\t\t\t\t\t\t\t<h5><span style=\"color: #b1400a; font-size: 19px;\">Valeria Lepra<\/span><\/h5>\t\t\t\t\t\t\t\t<\/div>\n\t\t\t\t<\/div>\n\t\t\t\t<div class=\"elementor-element elementor-element-46d7c03 elementor-widget elementor-widget-text-editor\" data-id=\"46d7c03\" data-element_type=\"widget\" data-widget_type=\"text-editor.default\">\n\t\t\t\t<div class=\"elementor-widget-container\">\n\t\t\t\t\t\t\t\t\t<p style=\"font-size: 15px; font-style: normal; font-weight: 400; margin-bottom: 0px; color: #313131;\"><img loading=\"lazy\" decoding=\"async\" class=\"size-medium wp-image-717 alignleft\" src=\"https:\/\/acto.artes.udelar.edu.uy\/wp-content\/uploads\/2026\/03\/ACTO_0003_WhatsApp-Image-2026-02-23-at-20.01.08-300x300.jpg\" alt=\"\" width=\"300\" height=\"300\" srcset=\"https:\/\/acto.artes.udelar.edu.uy\/wp-content\/uploads\/2026\/03\/ACTO_0003_WhatsApp-Image-2026-02-23-at-20.01.08-300x300.jpg 300w, https:\/\/acto.artes.udelar.edu.uy\/wp-content\/uploads\/2026\/03\/ACTO_0003_WhatsApp-Image-2026-02-23-at-20.01.08-150x150.jpg 150w, https:\/\/acto.artes.udelar.edu.uy\/wp-content\/uploads\/2026\/03\/ACTO_0003_WhatsApp-Image-2026-02-23-at-20.01.08-768x770.jpg 768w, https:\/\/acto.artes.udelar.edu.uy\/wp-content\/uploads\/2026\/03\/ACTO_0003_WhatsApp-Image-2026-02-23-at-20.01.08.jpg 957w\" sizes=\"(max-width: 300px) 100vw, 300px\" \/><strong>Buenos Aires, Argentina, 1977<\/strong><\/p><p style=\"margin-bottom: 0px;\"><strong><span style=\"color: #313131;\">Magister en Educaci\u00f3n Art\u00edstica<\/span><\/strong><\/p><p style=\"margin-bottom: 0px;\"><strong><span style=\"color: #313131;\">Prof. Adjunta, Facultad de Artes<\/span><\/strong><\/p><p style=\"margin-bottom: 0px;\"><strong><span style=\"color: #313131;\">Docente, investigador\/a<\/span><\/strong><\/p><p style=\"margin-bottom: 0px;\"><span data-sheets-root=\"1\"><span style=\"color: #313131;\">\u00a0<\/span><\/span><\/p><p style=\"margin-bottom: 0px;\"><span data-sheets-root=\"1\"><span style=\"color: #313131;\">Mis intereses est\u00e1n orientados a las pr\u00e1cticas colectivas de car\u00e1cter est\u00e9tico-pol\u00edtico. Denomino mi l\u00ednea actual de investigaci\u00f3n como Po\u00e9ticas y est\u00e9ticas de acci\u00f3n social lo que me permite abordar no siempre pr\u00e1cticas art\u00edsticas, sino tambi\u00e9n pr\u00e1cticas del campo social que pueden tener espacios de intersecci\u00f3n con el arte.<\/span><\/span><\/p>\t\t\t\t\t\t\t\t<\/div>\n\t\t\t\t<\/div>\n\t\t\t\t<div class=\"elementor-element elementor-element-d848fc2 elementor-widget elementor-widget-text-editor\" data-id=\"d848fc2\" data-element_type=\"widget\" data-widget_type=\"text-editor.default\">\n\t\t\t\t<div class=\"elementor-widget-container\">\n\t\t\t\t\t\t\t\t\t<p>&#8212;&#8212;&#8212;&#8212;&#8212;&#8212;&#8212;&#8212;&#8212;&#8212;&#8212;&#8212;&#8212;&#8212;&#8212;&#8212;&#8212;&#8212;&#8212;&#8212;&#8212;&#8212;<\/p>\t\t\t\t\t\t\t\t<\/div>\n\t\t\t\t<\/div>\n\t\t\t\t\t<\/div>\n\t\t<\/div>\n\t\t\t\t\t<\/div>\n\t\t<\/section>\n\t\t\t\t<\/div>\n\t\t","protected":false},"excerpt":{"rendered":"<p>\u00a0 ACTO es un grupo de investigaci\u00f3n interdisciplinario integrado por docentes, estudiantes y egresados de la Universidad de la Rep\u00fablica. Investigamos en contextos comunitarios de base territorial, con una aproximaci\u00f3n metodol\u00f3gica que combina la Investigaci\u00f3n Acci\u00f3n Participativa (IAP), la creaci\u00f3n art\u00edstica y la Investigaci\u00f3n Basada en Artes (IBA). Buscamos sistematizar, comprender y aportar al desarrollo [&hellip;]<\/p>\n","protected":false},"author":1,"featured_media":0,"parent":0,"menu_order":0,"comment_status":"closed","ping_status":"closed","template":"","meta":{"site-sidebar-layout":"no-sidebar","site-content-layout":"page-builder","ast-site-content-layout":"","site-content-style":"default","site-sidebar-style":"default","ast-global-header-display":"","ast-banner-title-visibility":"","ast-main-header-display":"","ast-hfb-above-header-display":"","ast-hfb-below-header-display":"","ast-hfb-mobile-header-display":"","site-post-title":"disabled","ast-breadcrumbs-content":"","ast-featured-img":"disabled","footer-sml-layout":"","theme-transparent-header-meta":"","adv-header-id-meta":"","stick-header-meta":"","header-above-stick-meta":"","header-main-stick-meta":"","header-below-stick-meta":"","astra-migrate-meta-layouts":"default","ast-page-background-enabled":"default","ast-page-background-meta":{"desktop":{"background-color":"var(--ast-global-color-4)","background-image":"","background-repeat":"repeat","background-position":"center center","background-size":"auto","background-attachment":"scroll","background-type":"","background-media":"","overlay-type":"","overlay-color":"","overlay-opacity":"","overlay-gradient":""},"tablet":{"background-color":"","background-image":"","background-repeat":"repeat","background-position":"center center","background-size":"auto","background-attachment":"scroll","background-type":"","background-media":"","overlay-type":"","overlay-color":"","overlay-opacity":"","overlay-gradient":""},"mobile":{"background-color":"","background-image":"","background-repeat":"repeat","background-position":"center center","background-size":"auto","background-attachment":"scroll","background-type":"","background-media":"","overlay-type":"","overlay-color":"","overlay-opacity":"","overlay-gradient":""}},"ast-content-background-meta":{"desktop":{"background-color":"var(--ast-global-color-5)","background-image":"","background-repeat":"repeat","background-position":"center center","background-size":"auto","background-attachment":"scroll","background-type":"","background-media":"","overlay-type":"","overlay-color":"","overlay-opacity":"","overlay-gradient":""},"tablet":{"background-color":"var(--ast-global-color-5)","background-image":"","background-repeat":"repeat","background-position":"center center","background-size":"auto","background-attachment":"scroll","background-type":"","background-media":"","overlay-type":"","overlay-color":"","overlay-opacity":"","overlay-gradient":""},"mobile":{"background-color":"var(--ast-global-color-5)","background-image":"","background-repeat":"repeat","background-position":"center center","background-size":"auto","background-attachment":"scroll","background-type":"","background-media":"","overlay-type":"","overlay-color":"","overlay-opacity":"","overlay-gradient":""}},"footnotes":""},"class_list":["post-92","page","type-page","status-publish","hentry"],"_links":{"self":[{"href":"https:\/\/acto.artes.udelar.edu.uy\/index.php\/wp-json\/wp\/v2\/pages\/92","targetHints":{"allow":["GET"]}}],"collection":[{"href":"https:\/\/acto.artes.udelar.edu.uy\/index.php\/wp-json\/wp\/v2\/pages"}],"about":[{"href":"https:\/\/acto.artes.udelar.edu.uy\/index.php\/wp-json\/wp\/v2\/types\/page"}],"author":[{"embeddable":true,"href":"https:\/\/acto.artes.udelar.edu.uy\/index.php\/wp-json\/wp\/v2\/users\/1"}],"replies":[{"embeddable":true,"href":"https:\/\/acto.artes.udelar.edu.uy\/index.php\/wp-json\/wp\/v2\/comments?post=92"}],"version-history":[{"count":124,"href":"https:\/\/acto.artes.udelar.edu.uy\/index.php\/wp-json\/wp\/v2\/pages\/92\/revisions"}],"predecessor-version":[{"id":851,"href":"https:\/\/acto.artes.udelar.edu.uy\/index.php\/wp-json\/wp\/v2\/pages\/92\/revisions\/851"}],"wp:attachment":[{"href":"https:\/\/acto.artes.udelar.edu.uy\/index.php\/wp-json\/wp\/v2\/media?parent=92"}],"curies":[{"name":"wp","href":"https:\/\/api.w.org\/{rel}","templated":true}]}}